{"id":4051,"date":"2016-02-10T11:16:07","date_gmt":"2016-02-10T10:16:07","guid":{"rendered":"http:\/\/www.sardiniagrandtour.com\/it\/?page_id=4051"},"modified":"2023-02-10T12:24:27","modified_gmt":"2023-02-10T11:24:27","slug":"home","status":"publish","type":"page","link":"https:\/\/www.sardiniagrandtour.com\/it\/","title":{"rendered":"Home"},"content":{"rendered":"\n<div class=\"container\">\n<div class=\"text-center mt-3\">\n<h1>Le nostre bici a noleggio in Sardegna<\/h1>\n<h2>Marchi italiani, passione italiana.<\/h2>\n<p class=\"lead\">Noleggia una bici italiana per le tue vacanze in Sardegna.<br \/>Scegli tra Bianchi, Wilier e De Rosa. Ti portiamo la bici ovunque tu sia in Sardegna.<\/p>\n<div class=\"row\">\n<div class=\"col-sm text-center\">\n\t\t\t\t<a href=\"https:\/\/www.sardiniagrandtour.com\/it\/noleggio-bici\/strada\/bianchi-infinito-xe\/\"><img loading=\"lazy\" decoding=\"async\" src=\"https:\/\/www.sardiniagrandtour.com\/it\/wp-content\/uploads\/2021\/07\/Bianchi-InfinitoXE-600x600-1-300x300.jpg\" alt=\"Bianchi Infinito XE\" width=\"300\" height=\"300\" class=\"alignnone size-medium wp-image-7466\" srcset=\"https:\/\/www.sardiniagrandtour.com\/it\/wp-content\/uploads\/2021\/07\/Bianchi-InfinitoXE-600x600-1-300x300.jpg 300w, https:\/\/www.sardiniagrandtour.com\/it\/wp-content\/uploads\/2021\/07\/Bianchi-InfinitoXE-600x600-1-150x150.jpg 150w, https:\/\/www.sardiniagrandtour.com\/it\/wp-content\/uploads\/2021\/07\/Bianchi-InfinitoXE-600x600-1.jpg 600w\" sizes=\"auto, (max-width: 300px) 100vw, 300px\" \/><\/a><\/p>\n<p><strong>Bianchi &#8211; Infinito XE<\/strong><br \/>\n\t\t\t\t<small>Da 40\u20ac al giorno<\/small><br \/>\n\t\t\t\t<a href=\"https:\/\/www.sardiniagrandtour.com\/it\/noleggio-bici\/strada\/bianchi-infinito-xe\/\" class=\"btn btn-primary\">Disponibilit\u00e0<\/a><\/p>\n<\/p><\/div>\n<div class=\"col-sm text-center\">\n\t\t\t\t<a href=\"https:\/\/www.sardiniagrandtour.com\/it\/noleggio-bici\/strada\/bianchi-infinito-cv-di2\/\"><img loading=\"lazy\" decoding=\"async\" src=\"https:\/\/www.sardiniagrandtour.com\/it\/wp-content\/uploads\/2021\/07\/bianchi-Infinito-CV-rim-600x600-1-300x300.jpg\" alt=\"Bianchi Infinito CV Dura-Ace Di2\" width=\"300\" height=\"300\" class=\"alignnone size-medium wp-image-7464\" srcset=\"https:\/\/www.sardiniagrandtour.com\/it\/wp-content\/uploads\/2021\/07\/bianchi-Infinito-CV-rim-600x600-1-300x300.jpg 300w, https:\/\/www.sardiniagrandtour.com\/it\/wp-content\/uploads\/2021\/07\/bianchi-Infinito-CV-rim-600x600-1-150x150.jpg 150w, https:\/\/www.sardiniagrandtour.com\/it\/wp-content\/uploads\/2021\/07\/bianchi-Infinito-CV-rim-600x600-1.jpg 600w\" sizes=\"auto, (max-width: 300px) 100vw, 300px\" \/><\/a><\/p>\n<p><strong>Bianchi &#8211; Infinito CV Dura-Ace Di2<\/strong><br \/>\n\t\t\t\t<small>Da 50\u20ac al giorno<\/small><br \/>\n\t\t\t\t<a href=\"https:\/\/www.sardiniagrandtour.com\/it\/noleggio-bici\/strada\/bianchi-infinito-cv-di2\/\" class=\"btn btn-primary\">Disponibilit\u00e0<\/a><\/p>\n<\/p><\/div>\n<div class=\"col-sm text-center\">\n\t\t\t\t<a href=\"https:\/\/www.sardiniagrandtour.com\/it\/noleggio-bici\/strada\/bianchi-infinito-cv\/\"><img loading=\"lazy\" decoding=\"async\" src=\"https:\/\/www.sardiniagrandtour.com\/it\/wp-content\/uploads\/2021\/07\/Bianchi-InfinitoCV-600x600-1-300x300.jpg\" alt=\"Bianchi Infinito CV Disc\" width=\"300\" height=\"300\" class=\"alignnone size-medium wp-image-7462\" srcset=\"https:\/\/www.sardiniagrandtour.com\/it\/wp-content\/uploads\/2021\/07\/Bianchi-InfinitoCV-600x600-1-300x300.jpg 300w, https:\/\/www.sardiniagrandtour.com\/it\/wp-content\/uploads\/2021\/07\/Bianchi-InfinitoCV-600x600-1-150x150.jpg 150w, https:\/\/www.sardiniagrandtour.com\/it\/wp-content\/uploads\/2021\/07\/Bianchi-InfinitoCV-600x600-1.jpg 600w\" sizes=\"auto, (max-width: 300px) 100vw, 300px\" \/><\/a><\/p>\n<p><strong>Bianchi &#8211; Infinito CV <\/strong><br \/>\n\t\t\t\t<small>Da 45\u20ac al giorno<\/small><br \/>\n\t\t\t\t<a href=\"https:\/\/www.sardiniagrandtour.com\/it\/noleggio-bici\/strada\/bianchi-infinito-cv\/\" class=\"btn btn-primary\">Disponibilit\u00e0<\/a><\/p>\n<\/p><\/div>\n<\/p><\/div>\n<div class=\"row\">\n<div class=\"col-sm text-center\">\n\t\t\t\t<a href=\"https:\/\/www.sardiniagrandtour.com\/it\/noleggio-bici\/strada\/de-rosa-r838-di2\/\"><img loading=\"lazy\" decoding=\"async\" src=\"https:\/\/www.sardiniagrandtour.com\/it\/wp-content\/uploads\/2021\/07\/DeRosa-R838-DI2-600x600-1-300x300.jpg\" alt=\"De Rosa R838 Di2\" width=\"300\" height=\"300\" class=\"alignnone size-medium wp-image-7468\" srcset=\"https:\/\/www.sardiniagrandtour.com\/it\/wp-content\/uploads\/2021\/07\/DeRosa-R838-DI2-600x600-1-300x300.jpg 300w, https:\/\/www.sardiniagrandtour.com\/it\/wp-content\/uploads\/2021\/07\/DeRosa-R838-DI2-600x600-1-150x150.jpg 150w, https:\/\/www.sardiniagrandtour.com\/it\/wp-content\/uploads\/2021\/07\/DeRosa-R838-DI2-600x600-1.jpg 600w\" sizes=\"auto, (max-width: 300px) 100vw, 300px\" \/><\/a><\/p>\n<p><strong>De Rosa &#8211; R838 Di2<\/strong><br \/>\n\t\t\t\t<small>Da 35\u20ac al giorno<\/small><br \/>\n\t\t\t\t<a href=\"https:\/\/www.sardiniagrandtour.com\/it\/noleggio-bici\/strada\/de-rosa-r838-di2\/\" class=\"btn btn-primary\">Disponibilit\u00e0<\/a><\/p>\n<\/p><\/div>\n<div class=\"col-sm text-center\">\n\t\t\t\t<a href=\"https:\/\/www.sardiniagrandtour.com\/it\/noleggio-bici\/strada\/wilier-gtr-team\/\"><img loading=\"lazy\" decoding=\"async\" src=\"https:\/\/www.sardiniagrandtour.com\/it\/wp-content\/uploads\/2021\/07\/Wilier-GTR-600x600-1-300x300.jpg\" alt=\"Wilier GTR Team\" width=\"300\" height=\"300\" class=\"alignnone size-medium wp-image-7470\" srcset=\"https:\/\/www.sardiniagrandtour.com\/it\/wp-content\/uploads\/2021\/07\/Wilier-GTR-600x600-1-300x300.jpg 300w, https:\/\/www.sardiniagrandtour.com\/it\/wp-content\/uploads\/2021\/07\/Wilier-GTR-600x600-1-150x150.jpg 150w, https:\/\/www.sardiniagrandtour.com\/it\/wp-content\/uploads\/2021\/07\/Wilier-GTR-600x600-1.jpg 600w\" sizes=\"auto, (max-width: 300px) 100vw, 300px\" \/><\/a><\/p>\n<p><strong>Wilier &#8211; GTR Team<\/strong><br \/>\n\t\t\t\t<small>Da 30\u20ac al giorno<\/small><br \/>\n\t\t\t\t<a href=\"https:\/\/www.sardiniagrandtour.com\/it\/noleggio-bici\/strada\/wilier-gtr-team\/\" class=\"btn btn-primary\">Disponibilit\u00e0<\/a><\/p>\n<\/p><\/div>\n<div class=\"col-sm\">\n\t\t     \t<a href=\"https:\/\/www.sardiniagrandtour.com\/it\/noleggio-bici\/trekking\/bianchi-c-sport-2\/\"><img loading=\"lazy\" decoding=\"async\" src=\"https:\/\/www.sardiniagrandtour.com\/it\/wp-content\/uploads\/2021\/07\/c-sport-600x600-1-300x300.jpg\" alt=\"Bianchi C-Sport 2 Trekking bike\" width=\"300\" height=\"300\" class=\"alignnone size-medium wp-image-7461\" srcset=\"https:\/\/www.sardiniagrandtour.com\/it\/wp-content\/uploads\/2021\/07\/c-sport-600x600-1-300x300.jpg 300w, https:\/\/www.sardiniagrandtour.com\/it\/wp-content\/uploads\/2021\/07\/c-sport-600x600-1-150x150.jpg 150w, https:\/\/www.sardiniagrandtour.com\/it\/wp-content\/uploads\/2021\/07\/c-sport-600x600-1.jpg 600w\" sizes=\"auto, (max-width: 300px) 100vw, 300px\" \/><\/a><\/p>\n<p><strong>Bianchi &#8211; C-Sport 2<\/strong><br \/>\n\t\t\t\t<small>Da 20\u20ac al giorno<\/small><br \/>\n\t\t\t\t<a href=\"https:\/\/www.sardiniagrandtour.com\/it\/noleggio-bici\/trekking\/bianchi-c-sport-2\/\" class=\"btn btn-primary\">Disponibilit\u00e0<\/a><\/p>\n<\/p><\/div>\n<\/p><\/div>\n<h3 class=\"mt-2\">Bici a pedalata assistita e Bici per la citt\u00e0<\/h3>\n<div class=\"row\">\n<div class=\"col-sm text-center\">\n\t\t\t\t\t<a href=\"https:\/\/www.sardiniagrandtour.com\/it\/noleggio-bici\/city-bike-a-noleggio-in-sardegna\/myland-corso-28-3\/\"><img loading=\"lazy\" decoding=\"async\" src=\"https:\/\/www.sardiniagrandtour.com\/it\/wp-content\/uploads\/2022\/06\/corso_283.jpg\" alt=\"City bike for rent\" width=\"300\" height=\"300\" class=\"alignnone size-medium wp-image-7466\" \/><\/a><\/p>\n<p><strong>City Bike Corso 28.3<\/strong><br \/>\n\t\t\t\t\t\t<small>Da 15\u20ac al giorno<\/small><br \/>\n\t\t\t\t\t\t<a href=\"https:\/\/www.sardiniagrandtour.com\/it\/noleggio-bici\/city-bike-a-noleggio-in-sardegna\/myland-corso-28-3\/\" class=\"btn btn-primary\">Disponibilit\u00e0<\/a><\/p>\n<\/p><\/div>\n<div class=\"col-sm text-center\">\n\t\t\t\t\t<a href=\"https:\/\/www.sardiniagrandtour.com\/it\/noleggio-bici\/e-bike-a-noleggio-in-sardegna\/myland-corso-hybrid-28-1\/\"><img loading=\"lazy\" decoding=\"async\" src=\"https:\/\/www.sardiniagrandtour.com\/it\/wp-content\/uploads\/2022\/06\/Myland-Corso-Hybrid-28.1_jUUZR.jpg\" alt=\"City E-Bike\" width=\"300\" height=\"300\" class=\"alignnone size-medium wp-image-7464\" \/><\/a><\/p>\n<p><strong>City E-Bike Corso Hybrid<\/strong><br \/>\n\t\t\t\t\t<small>Da 25\u20ac al giorno<\/small><br \/>\n\t\t\t\t\t<a href=\"https:\/\/www.sardiniagrandtour.com\/it\/noleggio-bici\/e-bike-a-noleggio-in-sardegna\/myland-corso-hybrid-28-1\/\" class=\"btn btn-primary\">Disponibilit\u00e0<\/a><\/p>\n<\/p><\/div>\n<div class=\"col-sm text-center\">\n\t\t\t\t\t<a href=\"https:\/\/www.sardiniagrandtour.com\/it\/noleggio-bici\/\"><img loading=\"lazy\" decoding=\"async\" src=\"https:\/\/www.sardiniagrandtour.com\/it\/wp-content\/uploads\/2022\/06\/Bianchi-e-Impulso-Tourer_bgUNx.jpg\" alt=\"Bianchi E-Inpulso Tourer\" width=\"300\" height=\"300\" class=\"alignnone size-medium wp-image-7462\" \/><\/a><\/p>\n<p><strong>Bianchi &#8211; E-Impulso Tourer<\/strong><br \/>\n\t\t\t\t\t<small>Da 40\u20ac al giorno<\/small><br \/>\n\t\t\t\t\t<a href=\"https:\/\/www.sardiniagrandtour.com\/it\/noleggio-bici\/\" class=\"btn btn-primary\">Disponibilit\u00e0<\/a><\/p>\n<\/p><\/div>\n<\/p><\/div>\n<\/p><\/div>\n<div class=\"progress\">\n<div class=\"progress-bar progress-bar-striped bg-info\" role=\"progressbar\" style=\"width: 100%\" aria-valuenow=\"100\" aria-valuemin=\"0\" aria-valuemax=\"100\"><\/div>\n<\/p><\/div>\n<div class=\"text-center mt-3\">\n<h1>I nostri tour<\/h1>\n<h2>Esperienze Autentiche Ideate e Guidate da Noi.<\/h2>\n<p class=\"lead\">In tre differenti categorie e livelli di difficolt\u00e0, sar\u00e0 facile creare la tua esperienza perfetta di Sardegna.<\/p>\n<h4>Ecco qualche esempio<\/h4>\n<\/div>\n<div class=\"row p-1\">\n<div class=\"col-sm\">\n<hr \/>\n<h5>La Costa Verde e Cagliari<\/h5>\n<p>\t\t\t<a href=\"\/it\/la-costa-verde-e-cagliari\/\"><img loading=\"lazy\" decoding=\"async\" src=\"\/wp-content\/uploads\/2018\/10\/Buggerru-Nebida-1024x701.jpg\" alt=\"La Costa Verde da Buggerru a Nebida\" width=\"640\" height=\"425\" class=\"alignnone size-large wp-image-6276\" \/><\/a><\/p>\n<div id=\"divdettaglio\" class=\"mx-auto\">\n\t<div id=\"type\" class=\"itemdett\" data-toggle=\"modal\" data-target=\"#typeModal\">\n\t\t<span class=\"titoletto\">Tipo<\/span> <span class=\"fa fa-question-circle\" aria-hidden=\"true\"><\/span><br \/>\n\t\t<span class=\"dettaglietto\">Viaggi Scoperta<\/span>\t\t\t\t\n\t<\/div>\n\n\t<div id=\"support\" class=\"itemdett\" data-toggle=\"modal\" data-target=\"#supportModal\">\n\t\t<span class=\"titoletto\">Supporto<\/span> <i class=\"fa fa-question-circle\" aria-hidden=\"true\"><\/i><br \/>\n\t\t<span class=\"dettaglietto\">Indipendente<\/span>\t\t\n\t<\/div>\n\n\t<div id=\"activity\" class=\"itemdett\">\n\t\t<span class=\"titoletto\">Attivit\u00e0<\/span><br \/>\n\t\t<span class=\"dettaglietto\">Cicloturismo<\/span>\n\t<\/div>\n\n\t<div id=\"level\" class=\"itemdett\" data-toggle=\"modal\" data-target=\"#levelModal\">\n\t\t<span class=\"titoletto\">Livello<\/span> <i class=\"fa fa-question-circle\"><\/i><br \/>\n\t\t<i class=\"fa fa-wrench\"><\/i> <i class=\"fa fa-wrench\"><\/i> <i class=\"fa fa-wrench\" style=\"color: grey;\"><\/i>\t<\/div>\n<\/div>\n\n<div style=\"clear: both;\"><\/div>\n<div class=\"row mt-3\">\n<div class=\"col-sm\">\n<p class=\"lead text-center\">8 giorni \/ 7 notti<\/p><ul class=\"list-group\">\n  <span class=\"list-group-item list-group-item-action\"><small>La duna di Piscinas\r<\/small><\/span>\n<span class=\"list-group-item list-group-item-action\"><small>Le miniere del Sulcis\r<\/small><\/span>\n<span class=\"list-group-item list-group-item-action\"><small>Le discese con vista sul mare\r<\/small><\/span>\n<span class=\"list-group-item list-group-item-action\"><small>Carloforte e la pesca del Tonno\r<\/small><\/span>\n<span class=\"list-group-item list-group-item-action\"><small>Porto Pino e la Costa del Sud\r<\/small><\/span>\n<span class=\"list-group-item list-group-item-action\"><small>La cena in centro a Cagliari<\/small><\/span>\n<\/ul>\n<p class=\"text-center\"><small>A partire da*: 1067\u20ac per persona<br \/><strong>Puoi partire in qualsiasi giorno dell'anno.<\/strong><\/small><\/p><\/div>\n<div class=\"col-sm\">\n\t<img decoding=\"async\" src=\"https:\/\/back.mediterras.com\/public\/packages\/maps\/Green_Coast_and_Cagliari.png\"><\/div>\n<\/div>\n\n<!-- Modal -->\n<div id=\"typeModal\" class=\"modal fade\" role=\"dialog\">\n  <div class=\"modal-dialog\">\n\n    <!-- Modal content-->\n    <div class=\"modal-content\">\n      <div class=\"modal-body\">\n        <p>Tutti i nostri tour sono di charme, con attenzione al territorio. oltre ai tour a catalogo noi possiamo disegnare tour secondo le vostre esigenze\/desideri<\/p>\n\t\t\t<p><strong><span style=\"color: #3AA2A3\">Viaggi Scoperta<\/span><\/strong><br \/>\n\t\t\tIn bici o a piedi, ricchi di attivit\u00e0 e visite<\/p>\n\n\t\t\t<p><strong><span style=\"color: BLUE\">Fine Settimana<\/span><\/strong><br \/>\n\t\t\tTutto il meglio concentrato in pochi giorni, fino a 4 notti<\/p>\n\n\t\t\t<p><strong><span style=\"color: RED\">Viaggi Avventura<\/span><\/strong><br \/>\n\t\t\tPedalate Epiche attraverso l'isola<\/p>\n      <\/div>\n      <div class=\"modal-footer\">\n        <button type=\"button\" class=\"btn btn-default\" data-dismiss=\"modal\">Chiudi<\/button>\n      <\/div>\n    <\/div>\n\n  <\/div>\n<\/div>\n\n<div id=\"supportModal\" class=\"modal fade\" role=\"dialog\">\n  <div class=\"modal-dialog\">\n\n    <!-- Modal content-->\n    <div class=\"modal-content\">\n      <div class=\"modal-body\">\n        <p><strong>Indipendente<\/strong><br \/>Significa che pedalerai in libert\u00e0 al tuo ritmo seguendo le mappe e le tracce ricevute durante il nostro briefing pre-tour al tuo arrivo. Ti consiglieremo dove pranzare e cenare, ti descriveremo le attrazioni lungo la strada e dove trovare l'assistenza tecnica.<br \/><strong>Puoi partire in qualunque giorno dell'anno.<\/strong><\/p>\n\t\t\t<p><strong>Attivit\u00e0 Guidate<\/strong><br \/>Durante tutto il giorno, una guida locale esperta ti accompagner\u00e0 nelle tue attivit\u00e0. La sera invece, potrai cenare in libert\u00e0.<\/p>\n\t\t\t<p><strong>Guidato<\/strong><br \/>Le nostre guide saranno con il tuo gruppo durante tutto il tour, anticipando i bisogni, fornendo consigli e, soprattutto, facilitando il tuo divertimento.<\/p>      <\/div>\n      <div class=\"modal-footer\">      \t\n        <button type=\"button\" class=\"btn btn-default\" data-dismiss=\"modal\">Chiudi<\/button>\n      <\/div>\n    <\/div>\n\n  <\/div>\n<\/div>\n\n<div id=\"levelModal\" class=\"modal fade\" role=\"dialog\">\n  <div class=\"modal-dialog\">\n\n    <!-- Modal content-->\n    <div class=\"modal-content\">\n      <div class=\"modal-body\">\n        <p><strong>Livello<\/strong><br \/>\n        \t<p><strong>1 Chiave inglese<\/strong><br \/>Tappe fino a 50 km al giorno con un massimo di 600 metri di dislivello. Sono concepiti per gli ospiti che vanno in bici due volte a settimana su strade senza grandi salite. Di solito sei di ritorno in albergo nel primo pomeriggio.\n        \t<p><strong>2 Chiavi inglesi<\/strong><br \/>Tappe fino a 90 km al giorno con un massimo di 1300 metri di salita. Questi tour attirano gli ospiti un po' pi\u00f9 allenati, con qualche salita \"gustosa\". Di solito sei di ritorno in albergo nel primo pomeriggio.\n        \t<p><strong>3 Chiavi inglesi<\/strong><br \/>Tappe da 90 km al giorno con almeno 1300 mt di dislivello. Questi tour sono progettati per i ciclisti accaniti che pedalano regolarmente. Di solito sei di ritorno in hotel nel tardo pomeriggio.\n        \t<p>Per gli ospiti che desiderano pedalare di pi\u00f9, possiamo aggiungere loop extra alle tappe regolari.<\/p>\n      <\/div>\n      <div class=\"modal-footer\">      \t\n        <button type=\"button\" class=\"btn btn-default\" data-dismiss=\"modal\">Chiudi<\/button>\n      <\/div>\n    <\/div>\n\n  <\/div>\n<\/div>\n\n<div id=\"goguidedModal\" class=\"modal fade\" role=\"dialog\">\n  <div class=\"modal-dialog\">\n\n    <!-- Modal content-->\n    <div class=\"modal-content\">\n      <div class=\"modal-body\">\n        <p><strong>Voglio questo Tour Guidato!<\/strong><br \/>\n\t\t\tNei nostri Tour Guidati hai un Furgone di supporto e guide in bici lungo il percorso.<br \/>Per aggiungere questo servizio, seleziona \"Guidato\" quando <strong><a href=\"#quote\">Chiedi un preventivo<\/a><\/strong>.<\/p>\n      <\/div>\n      <div class=\"modal-footer\">\n        <button type=\"button\" class=\"btn btn-default\" data-dismiss=\"modal\">Chiudi<\/button>\n      <\/div>\n    <\/div>\n\n  <\/div>\n<\/div>\n\n<div id=\"guidedicludedModal\" class=\"modal fade\" role=\"dialog\">\n  <div class=\"modal-dialog\">\n\n    <!-- Modal content-->\n    <div class=\"modal-content\">\n      <div class=\"modal-body\">\n        <p><strong>Cosa \u00e8 incluso nei nostri Tour Guidati<\/strong><\/p>\n\t\t\t<p>Una Guida Locale in bici che pedaler\u00e0 con voi mostrandovi la strada e parlandovi del territorio.<\/p>\n\t\t\t<p>Un Van di supporto, con acqua e snack sempre pronti e la possibilit\u00e0 di superare i punti pi\u00f9 impegnativi del percorso.<\/p>\n\t\t\t<p>Ogni giorno un ricco PicNic con prodotti freschi e locali per pranzo.<\/p>\n\t\t\t<p><?= 7; ?> Cene in hotel o in ristoranti tipici.<\/p>\n\t\t\t<p>Trasferimenti da e per l'aeroporto di arrivo e partenza.<\/p>      <\/div>\n      <div class=\"modal-footer\">\n        <button type=\"button\" class=\"btn btn-default\" data-dismiss=\"modal\">Chiudi<\/button>\n      <\/div>\n    <\/div>\n\n  <\/div>\n<\/div>\n<div class=\"text-center mt-2\">\n\t\t\t\t<a class=\"btn btn-outline-primary\" href=\"\/it\/la-costa-verde-e-cagliari\/\">Dettagli e prenotazioni!<\/a>\n\t\t\t<\/div>\n<\/p><\/div>\n<div class=\"col-sm\">\n<hr \/>\n<h5>Il giro del Supramonte<\/h5>\n<p>                        <a href=\"\/it\/il-giro-del-supramonte\/\"><img loading=\"lazy\" decoding=\"async\" src=\"\/wp-content\/uploads\/2021\/05\/supramonte_by_bike.jpg\" alt=\"Il supramonte in Sardegna in bici\" width=\"640\" height=\"425\" class=\"alignnone size-large wp-image-6276\" \/><\/a><\/p>\n<div id=\"divdettaglio\" class=\"mx-auto\">\n\t<div id=\"type\" class=\"itemdett\" data-toggle=\"modal\" data-target=\"#typeModal\">\n\t\t<span class=\"titoletto\">Tipo<\/span> <span class=\"fa fa-question-circle\" aria-hidden=\"true\"><\/span><br \/>\n\t\t<span class=\"dettaglietto\">Viaggi Scoperta<\/span>\t\t\t\t\n\t<\/div>\n\n\t<div id=\"support\" class=\"itemdett\" data-toggle=\"modal\" data-target=\"#supportModal\">\n\t\t<span class=\"titoletto\">Supporto<\/span> <i class=\"fa fa-question-circle\" aria-hidden=\"true\"><\/i><br \/>\n\t\t<span class=\"dettaglietto\">Indipendente<\/span>\t\t\n\t<\/div>\n\n\t<div id=\"activity\" class=\"itemdett\">\n\t\t<span class=\"titoletto\">Attivit\u00e0<\/span><br \/>\n\t\t<span class=\"dettaglietto\">Cicloturismo<\/span>\n\t<\/div>\n\n\t<div id=\"level\" class=\"itemdett\" data-toggle=\"modal\" data-target=\"#levelModal\">\n\t\t<span class=\"titoletto\">Livello<\/span> <i class=\"fa fa-question-circle\"><\/i><br \/>\n\t\t<i class=\"fa fa-wrench\"><\/i> <i class=\"fa fa-wrench\"><\/i> <i class=\"fa fa-wrench\" style=\"color: grey;\"><\/i>\t<\/div>\n<\/div>\n\n<div style=\"clear: both;\"><\/div>\n<div class=\"row mt-3\">\n<div class=\"col-sm\">\n<p class=\"lead text-center\">7 giorni \/ 6 notti<\/p><ul class=\"list-group\">\n  <span class=\"list-group-item list-group-item-action\"><small>La leggendaria SS 125 e il golfo di Orosei\r<\/small><\/span>\n<span class=\"list-group-item list-group-item-action\"><small>La bellezza selvaggia dei Tacchi d'Ogliastra\r<\/small><\/span>\n<span class=\"list-group-item list-group-item-action\"><small>Il vino Cannonau e il prosciutto di Villagrande\r<\/small><\/span>\n<span class=\"list-group-item list-group-item-action\"><small>I Murales di Orgosolo\r<\/small><\/span>\n<span class=\"list-group-item list-group-item-action\"><small>Le sorgenti de Su Gologone e la valle del Cedrino\r<\/small><\/span>\n<span class=\"list-group-item list-group-item-action\"><small><\/small><\/span>\n<\/ul>\n<p class=\"text-center\"><small>A partire da*: 1067\u20ac per persona<br \/><strong>Puoi partire in qualsiasi giorno dell'anno.<\/strong><\/small><\/p><\/div>\n<div class=\"col-sm\">\n\t<img decoding=\"async\" src=\"https:\/\/back.mediterras.com\/public\/packages\/maps\/mappa_supramonte_loop.png\"><\/div>\n<\/div>\n\n<!-- Modal -->\n<div id=\"typeModal\" class=\"modal fade\" role=\"dialog\">\n  <div class=\"modal-dialog\">\n\n    <!-- Modal content-->\n    <div class=\"modal-content\">\n      <div class=\"modal-body\">\n        <p>Tutti i nostri tour sono di charme, con attenzione al territorio. oltre ai tour a catalogo noi possiamo disegnare tour secondo le vostre esigenze\/desideri<\/p>\n\t\t\t<p><strong><span style=\"color: #3AA2A3\">Viaggi Scoperta<\/span><\/strong><br \/>\n\t\t\tIn bici o a piedi, ricchi di attivit\u00e0 e visite<\/p>\n\n\t\t\t<p><strong><span style=\"color: BLUE\">Fine Settimana<\/span><\/strong><br \/>\n\t\t\tTutto il meglio concentrato in pochi giorni, fino a 4 notti<\/p>\n\n\t\t\t<p><strong><span style=\"color: RED\">Viaggi Avventura<\/span><\/strong><br \/>\n\t\t\tPedalate Epiche attraverso l'isola<\/p>\n      <\/div>\n      <div class=\"modal-footer\">\n        <button type=\"button\" class=\"btn btn-default\" data-dismiss=\"modal\">Chiudi<\/button>\n      <\/div>\n    <\/div>\n\n  <\/div>\n<\/div>\n\n<div id=\"supportModal\" class=\"modal fade\" role=\"dialog\">\n  <div class=\"modal-dialog\">\n\n    <!-- Modal content-->\n    <div class=\"modal-content\">\n      <div class=\"modal-body\">\n        <p><strong>Indipendente<\/strong><br \/>Significa che pedalerai in libert\u00e0 al tuo ritmo seguendo le mappe e le tracce ricevute durante il nostro briefing pre-tour al tuo arrivo. Ti consiglieremo dove pranzare e cenare, ti descriveremo le attrazioni lungo la strada e dove trovare l'assistenza tecnica.<br \/><strong>Puoi partire in qualunque giorno dell'anno.<\/strong><\/p>\n\t\t\t<p><strong>Attivit\u00e0 Guidate<\/strong><br \/>Durante tutto il giorno, una guida locale esperta ti accompagner\u00e0 nelle tue attivit\u00e0. La sera invece, potrai cenare in libert\u00e0.<\/p>\n\t\t\t<p><strong>Guidato<\/strong><br \/>Le nostre guide saranno con il tuo gruppo durante tutto il tour, anticipando i bisogni, fornendo consigli e, soprattutto, facilitando il tuo divertimento.<\/p>      <\/div>\n      <div class=\"modal-footer\">      \t\n        <button type=\"button\" class=\"btn btn-default\" data-dismiss=\"modal\">Chiudi<\/button>\n      <\/div>\n    <\/div>\n\n  <\/div>\n<\/div>\n\n<div id=\"levelModal\" class=\"modal fade\" role=\"dialog\">\n  <div class=\"modal-dialog\">\n\n    <!-- Modal content-->\n    <div class=\"modal-content\">\n      <div class=\"modal-body\">\n        <p><strong>Livello<\/strong><br \/>\n        \t<p><strong>1 Chiave inglese<\/strong><br \/>Tappe fino a 50 km al giorno con un massimo di 600 metri di dislivello. Sono concepiti per gli ospiti che vanno in bici due volte a settimana su strade senza grandi salite. Di solito sei di ritorno in albergo nel primo pomeriggio.\n        \t<p><strong>2 Chiavi inglesi<\/strong><br \/>Tappe fino a 90 km al giorno con un massimo di 1300 metri di salita. Questi tour attirano gli ospiti un po' pi\u00f9 allenati, con qualche salita \"gustosa\". Di solito sei di ritorno in albergo nel primo pomeriggio.\n        \t<p><strong>3 Chiavi inglesi<\/strong><br \/>Tappe da 90 km al giorno con almeno 1300 mt di dislivello. Questi tour sono progettati per i ciclisti accaniti che pedalano regolarmente. Di solito sei di ritorno in hotel nel tardo pomeriggio.\n        \t<p>Per gli ospiti che desiderano pedalare di pi\u00f9, possiamo aggiungere loop extra alle tappe regolari.<\/p>\n      <\/div>\n      <div class=\"modal-footer\">      \t\n        <button type=\"button\" class=\"btn btn-default\" data-dismiss=\"modal\">Chiudi<\/button>\n      <\/div>\n    <\/div>\n\n  <\/div>\n<\/div>\n\n<div id=\"goguidedModal\" class=\"modal fade\" role=\"dialog\">\n  <div class=\"modal-dialog\">\n\n    <!-- Modal content-->\n    <div class=\"modal-content\">\n      <div class=\"modal-body\">\n        <p><strong>Voglio questo Tour Guidato!<\/strong><br \/>\n\t\t\tNei nostri Tour Guidati hai un Furgone di supporto e guide in bici lungo il percorso.<br \/>Per aggiungere questo servizio, seleziona \"Guidato\" quando <strong><a href=\"#quote\">Chiedi un preventivo<\/a><\/strong>.<\/p>\n      <\/div>\n      <div class=\"modal-footer\">\n        <button type=\"button\" class=\"btn btn-default\" data-dismiss=\"modal\">Chiudi<\/button>\n      <\/div>\n    <\/div>\n\n  <\/div>\n<\/div>\n\n<div id=\"guidedicludedModal\" class=\"modal fade\" role=\"dialog\">\n  <div class=\"modal-dialog\">\n\n    <!-- Modal content-->\n    <div class=\"modal-content\">\n      <div class=\"modal-body\">\n        <p><strong>Cosa \u00e8 incluso nei nostri Tour Guidati<\/strong><\/p>\n\t\t\t<p>Una Guida Locale in bici che pedaler\u00e0 con voi mostrandovi la strada e parlandovi del territorio.<\/p>\n\t\t\t<p>Un Van di supporto, con acqua e snack sempre pronti e la possibilit\u00e0 di superare i punti pi\u00f9 impegnativi del percorso.<\/p>\n\t\t\t<p>Ogni giorno un ricco PicNic con prodotti freschi e locali per pranzo.<\/p>\n\t\t\t<p><?= 6; ?> Cene in hotel o in ristoranti tipici.<\/p>\n\t\t\t<p>Trasferimenti da e per l'aeroporto di arrivo e partenza.<\/p>      <\/div>\n      <div class=\"modal-footer\">\n        <button type=\"button\" class=\"btn btn-default\" data-dismiss=\"modal\">Chiudi<\/button>\n      <\/div>\n    <\/div>\n\n  <\/div>\n<\/div>\n<div class=\"text-center mt-2\">\n\t\t\t\t<a class=\"btn btn-outline-primary\" href=\"\/it\/il-giro-del-supramonte\/\">Dettagli e prenotazioni!<\/a>\n\t\t\t<\/div>\n<\/p><\/div>\n<\/p><\/div>\n<div class=\"text-center mt-3 mb-3\">\n\t\t<a class=\"btn btn-outline-primary\" href=\"\/it\/bike-tours\/\">Vedi tutti i Tour<\/a>\n\t<\/div>\n<div class=\"progress\">\n<div class=\"progress-bar progress-bar-striped bg-info\" role=\"progressbar\" style=\"width: 100%\" aria-valuenow=\"100\" aria-valuemin=\"0\" aria-valuemax=\"100\"><\/div>\n<\/p><\/div>\n<div class=\"text-center mt-3\">\n<h1><a href=\"\/it\/il-grande-giro\/\">IL GRANDE GIRO<\/a><\/h1>\n<h2>Un&#8217;avventura da ricordare!<\/h2>\n<p>\t\t<a href=\"\/it\/il-grande-giro\/\"><br \/>\n\t\t<img loading=\"lazy\" decoding=\"async\" src=\"https:\/\/www.sardiniagrandtour.com\/it\/wp-content\/uploads\/2018\/10\/the-big-loop-592x1024.png\" alt=\"\" width=\"592\" height=\"1024\" class=\"aligncenter size-large wp-image-6570\" srcset=\"https:\/\/www.sardiniagrandtour.com\/it\/wp-content\/uploads\/2018\/10\/the-big-loop-592x1024.png 592w, https:\/\/www.sardiniagrandtour.com\/it\/wp-content\/uploads\/2018\/10\/the-big-loop-173x300.png 173w, https:\/\/www.sardiniagrandtour.com\/it\/wp-content\/uploads\/2018\/10\/the-big-loop-768x1328.png 768w, https:\/\/www.sardiniagrandtour.com\/it\/wp-content\/uploads\/2018\/10\/the-big-loop.png 1098w\" sizes=\"auto, (max-width: 592px) 100vw, 592px\" \/><br \/>\n\t\t<\/a><\/p>\n<p class=\"lead\">14 giorni, 12 tappe, 1.135 Km<\/p>\n<p>Il nostro Grand Tour della Sardegna \u00e8 totalmente personalizzabile. Lunghezza delle tappe, livello dei servizi, durata e attivit\u00e0 extra bici.<\/p>\n<p><a href=\"\/it\/il-grande-giro\/\">Guarda il programma completo<\/a> e chiedi un preventivo.<\/p>\n<\/p><\/div>\n<div class=\"progress\">\n<div class=\"progress-bar progress-bar-striped bg-info\" role=\"progressbar\" style=\"width: 100%\" aria-valuenow=\"100\" aria-valuemin=\"0\" aria-valuemax=\"100\"><\/div>\n<\/p><\/div>\n<div class=\"text-center mt-3\">\n<h1>I nostri Bike Hotel<\/h1>\n<h2>Stai cercando un hotel in Sardegna adatto ad un viaggio in bici?<\/h2>\n<p class=\"lead\">Abbiamo selezionato alberghi e Bed and Breakfast con itinerari in partenza direttamente dall&#8217;hotel.<\/p>\n<div class=\"row p-1\">\n<div class=\"col-sm-4\">\n<div class=\"card\">\n  \t\t\t\t\t<img decoding=\"async\" class=\"card-img-top\" src=\"\/wp-content\/uploads\/2014\/04\/ESP6972.jpg\" alt=\"Colazione per ciclisti\"><\/p>\n<div class=\"card-body\">\n<h5 class=\"card-title\">Colazione per ciclisti<\/h5>\n<p class=\"card-text\">2 parole: ricca e presto!<br \/>Quello che ci vuole per partire.<\/p>\n<\/p><\/div>\n<\/p><\/div>\n<\/p><\/div>\n<div class=\"col-sm-4\">\n<div class=\"card\">\n  \t\t\t\t\t<img decoding=\"async\" class=\"card-img-top\" src=\"\/wp-content\/uploads\/2018\/10\/maps-and-tracks.png\" alt=\"Mappe e tracce per la bici in Sardegna\"><\/p>\n<div class=\"card-body\">\n<h5 class=\"card-title\">Mappe e tracce per GPS<\/h5>\n<p class=\"card-text\">Personalizzate hotel per hotel con itinerari di diversi livelli.<\/p>\n<\/p><\/div>\n<\/p><\/div>\n<\/p><\/div>\n<div class=\"col-sm-4\">\n<div class=\"card\">\n  \t\t\t\t\t<img decoding=\"async\" class=\"card-img-top\" src=\"\/wp-content\/uploads\/2018\/10\/post-ride-activities.jpg\" alt=\"Attivit\u00e0 Post pedalata\"><\/p>\n<div class=\"card-body\">\n<h5 class=\"card-title\">Attivit\u00e0 post pedalata<\/h5>\n<p class=\"card-text\">Cicloturismo \u00e8 scoperta del territorio, dalle cantine alla cucina e alle tradizioni.<\/p>\n<\/p><\/div>\n<\/p><\/div>\n<\/p><\/div>\n<\/p><\/div>\n<div class=\"text-center mt-3 mb-3\">\n\t\t\t<a class=\"btn btn-outline-primary\" href=\"\/bike-hotels\/\">Guarda la lista completa<\/a>\n\t\t<\/div>\n<\/p><\/div>\n<div class=\"progress\">\n<div class=\"progress-bar progress-bar-striped bg-info\" role=\"progressbar\" style=\"width: 100%\" aria-valuenow=\"100\" aria-valuemin=\"0\" aria-valuemax=\"100\"><\/div>\n<\/p><\/div>\n<div class=\"text-center mt-3\">\n<h2>Siamo una DMC specializza in Eventi di Turismo Attivo in Sardegna<\/h2>\n<h4>Recentemente abbiamo contribuito a:<\/h4>\n<div class=\"row p-1\">\n<div class=\"col-sm-4\">\n<div class=\"card\">\n  \t\t\t\t\t<img decoding=\"async\" class=\"card-img-top\" src=\"\/wp-content\/uploads\/2018\/10\/virgin-strive-challenge-logo-300x122.png\" alt=\"Virgin Strive Challenge 2018\"><\/p>\n<div class=\"card-body\">\n<h5 class=\"card-title\">Virgin Strive Challenge 2018<\/h5>\n<\/p><\/div>\n<\/p><\/div>\n<\/p><\/div>\n<div class=\"col-sm-4\">\n<div class=\"card\">\n  \t\t\t\t\t<img decoding=\"async\" class=\"card-img-top\" src=\"\/wp-content\/uploads\/2018\/10\/IMG-Logo-300x122.png\" alt=\"IMG Logo\"><\/p>\n<div class=\"card-body\">\n<h5 class=\"card-title\">The Giro d&#8217;Italia Experience Tour<\/h5>\n<\/p><\/div>\n<\/p><\/div>\n<\/p><\/div>\n<div class=\"col-sm-4\">\n<div class=\"card\">\n  \t\t\t\t\t<img decoding=\"async\" class=\"card-img-top\" src=\"\/wp-content\/uploads\/2018\/10\/Logo_RandoCannonau-300x122.png\" alt=\"Randonn\u00e9e del Cannonau\"><\/p>\n<div class=\"card-body\">\n<h5 class=\"card-title\">Randonn\u00e9e del Cannonau<\/h5>\n<\/p><\/div>\n<\/p><\/div>\n<\/p><\/div>\n<\/p><\/div>\n<p class=\"lead\">e molti altri&#8230;<\/p>\n<p>Chaimaci al +39 070 7966157 o compila il form in <a href=\"\/active-events\/\">questa pagina<\/a><\/p>\n        <div class=\"wp-gr wpac\" data-id=\"7624\" data-layout=\"slider\" data-exec=\"false\" data-options='{&quot;text_size&quot;:&quot;&quot;,&quot;trans&quot;:{&quot;read more&quot;:&quot;leggi tutto&quot;}}'><svg xmlns=\"http:\/\/www.w3.org\/2000\/svg\" style=\"display:none!important\"><symbol id=\"grw-star\" viewBox=\"0 0 1792 1792\"><path d=\"M1728 647q0 22-26 48l-363 354 86 500q1 7 1 20 0 21-10.5 35.5t-30.5 14.5q-19 0-40-12l-449-236-449 236q-22 12-40 12-21 0-31.5-14.5t-10.5-35.5q0-6 2-20l86-500-364-354q-25-27-25-48 0-37 56-46l502-73 225-455q19-41 49-41t49 41l225 455 502 73q56 9 56 46z\"><\/path><\/symbol><symbol id=\"grw-star-h\" viewBox=\"0 0 1792 1792\"><path d=\"M1250 957l257-250-356-52-66-10-30-60-159-322v963l59 31 318 168-60-355-12-66zm452-262l-363 354 86 500q5 33-6 51.5t-34 18.5q-17 0-40-12l-449-236-449 236q-23 12-40 12-23 0-34-18.5t-6-51.5l86-500-364-354q-32-32-23-59.5t54-34.5l502-73 225-455q20-41 49-41 28 0 49 41l225 455 502 73q45 7 54 34.5t-24 59.5z\"><\/path><\/symbol><symbol id=\"grw-star-o\" viewBox=\"0 0 1792 1792\"><path d=\"M1201 1004l306-297-422-62-189-382-189 382-422 62 306 297-73 421 378-199 377 199zm527-357q0 22-26 48l-363 354 86 500q1 7 1 20 0 50-41 50-19 0-40-12l-449-236-449 236q-22 12-40 12-21 0-31.5-14.5t-10.5-35.5q0-6 2-20l86-500-364-354q-25-27-25-48 0-37 56-46l502-73 225-455q19-41 49-41t49 41l225 455 502 73q56 9 56 46z\" fill=\"#ccc\"><\/path><\/symbol><symbol id=\"grw-tripadvisor\" viewBox=\"0 0 713.496 713.496\"><g><circle fill=\"#34E0A1\" cx=\"356.749\" cy=\"356.748\" r=\"356.748\"\/><path d=\"M577.095,287.152l43.049-46.836h-95.465c-47.792-32.646-105.51-51.659-167.931-51.659   c-62.342,0-119.899,19.054-167.612,51.659H93.432l43.049,46.836c-26.387,24.075-42.929,58.754-42.929,97.259   c0,72.665,58.914,131.578,131.579,131.578c34.519,0,65.968-13.313,89.446-35.077l42.172,45.919l42.172-45.879   c23.478,21.764,54.887,35.037,89.406,35.037c72.665,0,131.658-58.913,131.658-131.578   C620.024,345.866,603.483,311.188,577.095,287.152z M225.17,473.458c-49.188,0-89.047-39.859-89.047-89.047   s39.86-89.048,89.047-89.048c49.187,0,89.047,39.86,89.047,89.048S274.357,473.458,225.17,473.458z M356.788,381.82   c0-58.595-42.61-108.898-98.853-130.383c30.413-12.716,63.776-19.771,98.813-19.771s68.439,7.055,98.853,19.771   C399.399,272.962,356.788,323.226,356.788,381.82z M488.367,473.458c-49.188,0-89.048-39.859-89.048-89.047   s39.86-89.048,89.048-89.048s89.047,39.86,89.047,89.048S537.554,473.458,488.367,473.458z M488.367,337.694   c-25.79,0-46.677,20.887-46.677,46.677c0,25.789,20.887,46.676,46.677,46.676c25.789,0,46.676-20.887,46.676-46.676   C535.042,358.621,514.156,337.694,488.367,337.694z M271.846,384.411c0,25.789-20.887,46.676-46.676,46.676   s-46.676-20.887-46.676-46.676c0-25.79,20.887-46.677,46.676-46.677C250.959,337.694,271.846,358.621,271.846,384.411z\"\/><\/g><\/symbol><symbol id=\"grw-google\" viewBox=\"0 0 512 512\"><g fill=\"none\" fill-rule=\"evenodd\"><path d=\"M482.56 261.36c0-16.73-1.5-32.83-4.29-48.27H256v91.29h127.01c-5.47 29.5-22.1 54.49-47.09 71.23v59.21h76.27c44.63-41.09 70.37-101.59 70.37-173.46z\" fill=\"#4285f4\"\/><path d=\"M256 492c63.72 0 117.14-21.13 156.19-57.18l-76.27-59.21c-21.13 14.16-48.17 22.53-79.92 22.53-61.47 0-113.49-41.51-132.05-97.3H45.1v61.15c38.83 77.13 118.64 130.01 210.9 130.01z\" fill=\"#34a853\"\/><path d=\"M123.95 300.84c-4.72-14.16-7.4-29.29-7.4-44.84s2.68-30.68 7.4-44.84V150.01H45.1C29.12 181.87 20 217.92 20 256c0 38.08 9.12 74.13 25.1 105.99l78.85-61.15z\" fill=\"#fbbc05\"\/><path d=\"M256 113.86c34.65 0 65.76 11.91 90.22 35.29l67.69-67.69C373.03 43.39 319.61 20 256 20c-92.25 0-172.07 52.89-210.9 130.01l78.85 61.15c18.56-55.78 70.59-97.3 132.05-97.3z\" fill=\"#ea4335\"\/><path d=\"M20 20h472v472H20V20z\"\/><\/g><\/symbol><\/svg><div class=\"grw-row grw-row-m\" data-options='{\"speed\":3,\"autoplay\":true,\"mousestop\":true,\"breakpoints\":\"\"}'><div class=\"grw-header\"><div class=\"grw-header-inner\"><div class=\"wp-google-place\"><div class=\"wp-google-left\"><img loading=\"lazy\" decoding=\"async\" src=\"https:\/\/www.sardiniagrandtour.com\/it\/wp-content\/uploads\/2022\/07\/ChIJiTeBgQw05xIRQhmlDIChD_0.jpg\" alt=\"Sardinia Grand Tour place picture\" width=\"50\" height=\"50\"><\/div><div class=\"wp-google-right\"><div class=\"wp-google-name\"><a href=\"https:\/\/maps.google.com\/?cid=18234970987586459970\" target=\"_blank\" rel=\"nofollow noopener\">Sardinia Grand Tour<\/a><\/div><div><span class=\"wp-google-rating\">4.8<\/span><span class=\"wp-google-stars\"><span class=\"wp-stars\"><span class=\"wp-star\"><svg height=\"18\" width=\"18\" role=\"none\"><use href=\"#grw-star\"\/><\/svg><\/span><span class=\"wp-star\"><svg height=\"18\" width=\"18\" role=\"none\"><use href=\"#grw-star\"\/><\/svg><\/span><span class=\"wp-star\"><svg height=\"18\" width=\"18\" role=\"none\"><use href=\"#grw-star\"\/><\/svg><\/span><span class=\"wp-star\"><svg height=\"18\" width=\"18\" role=\"none\"><use href=\"#grw-star\"\/><\/svg><\/span><span class=\"wp-star\"><svg height=\"18\" width=\"18\" role=\"none\"><use href=\"#grw-star\"\/><\/svg><\/span><\/span><\/span><\/div><div class=\"wp-google-based\">Basato su 30 recensioni<\/div><div class=\"wp-google-powered\">powered by <span><span style=\"color:#3c6df0!important\">G<\/span><span style=\"color:#d93025!important\">o<\/span><span style=\"color:#fb8e28!important\">o<\/span><span style=\"color:#3c6df0!important\">g<\/span><span style=\"color:#188038!important\">l<\/span><span style=\"color:#d93025!important\">e<\/span><\/span><\/div><div class=\"wp-google-wr\"><a href=\"https:\/\/search.google.com\/local\/writereview?placeid=ChIJiTeBgQw05xIRQhmlDIChD_0\" target=\"_blank\" rel=\"nofollow noopener\" onclick=\"return rplg_leave_review_window.call(this)\">lascia una recensione su<svg height=\"18\" width=\"18\" role=\"none\"><use href=\"#grw-google\"><\/use><\/svg><\/a><\/div><\/div><\/div><\/div><\/div><div class=\"grw-content\"><div class=\"grw-content-inner\"><button class=\"grw-btns grw-prev\" tabindex=\"0\"><svg viewBox=\"0 0 24 24\" role=\"none\"><path d=\"M14.6,18.4L8.3,12l6.4-6.4l0.7,0.7L9.7,12l5.6,5.6L14.6,18.4z\"><\/path><\/svg><\/button><div class=\"grw-reviews\" data-count=\"19\" data-offset=\"19\"><div class=\"grw-review\"><div class=\"grw-review-inner grw-backgnd\"><div class=\"wp-google-left\"><img decoding=\"async\" src=\"https:\/\/lh3.googleusercontent.com\/a\/ACg8ocK1VoCV97XJalB9sdisZMUKiVe6292WGdqJ5YBz3RCJCy2fZw=s128-c0x00000000-cc-rp-mo\" loading=\"lazy\" class=\"grw-review-avatar\" alt=\"Ste profile picture\" width=\"50\" height=\"50\" onerror=\"if(this.src!='https:\/\/www.sardiniagrandtour.com\/it\/wp-content\/plugins\/widget-google-reviews\/assets\/img\/guest.png')this.src='https:\/\/www.sardiniagrandtour.com\/it\/wp-content\/plugins\/widget-google-reviews\/assets\/img\/guest.png';\" ><a href=\"https:\/\/www.google.com\/maps\/contrib\/109934043519791002166\/reviews\" class=\"wp-google-name\" target=\"_blank\" rel=\"nofollow noopener\">Ste<\/a><div class=\"wp-google-time\" data-time=\"1743799188\">20:39 04 Apr 25<\/div><\/div><div class=\"wp-google-stars\"><span class=\"wp-stars\"><span class=\"wp-star\"><svg height=\"18\" width=\"18\" role=\"none\"><use href=\"#grw-star\"\/><\/svg><\/span><span class=\"wp-star\"><svg height=\"18\" width=\"18\" role=\"none\"><use href=\"#grw-star\"\/><\/svg><\/span><span class=\"wp-star\"><svg height=\"18\" width=\"18\" role=\"none\"><use href=\"#grw-star\"\/><\/svg><\/span><span class=\"wp-star\"><svg height=\"18\" width=\"18\" role=\"none\"><use href=\"#grw-star\"\/><\/svg><\/span><span class=\"wp-star\"><svg height=\"18\" width=\"18\" role=\"none\"><use href=\"#grw-star\"\/><\/svg><\/span><\/span><\/div><div class=\"wp-google-wrap\"><div class=\"wp-google-feedback grw-scroll\" ><span class=\"wp-google-text\">Ottima bici elettrica. Grande squadra al Sardania Grand Tour. prima volta che vado a Cagliari, ottimo noleggio bici, ottima accoglienza, quando torner\u00f2 a Cagliari senza dubbio torner\u00f2 qui per noleggiare le bici. Grazie ancora per il tuo benvenuto.<\/span><\/div><\/div><svg height=\"18\" width=\"18\" role=\"none\"><use href=\"#grw-google\"\/><\/svg><\/div><\/div><div class=\"grw-review\"><div class=\"grw-review-inner grw-backgnd\"><div class=\"wp-google-left\"><img decoding=\"async\" src=\"https:\/\/lh3.googleusercontent.com\/a\/ACg8ocKjlBLxpLuaGQvg7Ve0u2k2a8Y8Z_2pT9ZBuBZdYZxyup6kmA=s128-c0x00000000-cc-rp-mo\" loading=\"lazy\" class=\"grw-review-avatar\" alt=\"Riccardo Dore profile picture\" width=\"50\" height=\"50\" onerror=\"if(this.src!='https:\/\/www.sardiniagrandtour.com\/it\/wp-content\/plugins\/widget-google-reviews\/assets\/img\/guest.png')this.src='https:\/\/www.sardiniagrandtour.com\/it\/wp-content\/plugins\/widget-google-reviews\/assets\/img\/guest.png';\" ><a href=\"https:\/\/www.google.com\/maps\/contrib\/112989596028600159297\/reviews\" class=\"wp-google-name\" target=\"_blank\" rel=\"nofollow noopener\">Riccardo Dore<\/a><div class=\"wp-google-time\" data-time=\"1742577050\">17:10 21 Mar 25<\/div><\/div><div class=\"wp-google-stars\"><span class=\"wp-stars\"><span class=\"wp-star\"><svg height=\"18\" width=\"18\" role=\"none\"><use href=\"#grw-star\"\/><\/svg><\/span><span class=\"wp-star\"><svg height=\"18\" width=\"18\" role=\"none\"><use href=\"#grw-star\"\/><\/svg><\/span><span class=\"wp-star\"><svg height=\"18\" width=\"18\" role=\"none\"><use href=\"#grw-star\"\/><\/svg><\/span><span class=\"wp-star\"><svg height=\"18\" width=\"18\" role=\"none\"><use href=\"#grw-star\"\/><\/svg><\/span><span class=\"wp-star\"><svg height=\"18\" width=\"18\" role=\"none\"><use href=\"#grw-star\"\/><\/svg><\/span><\/span><\/div><div class=\"wp-google-wrap\"><div class=\"wp-google-feedback grw-scroll\" ><span class=\"wp-google-text\">Affittato 2 bici adulti e 1 per bambino per giro al parco di Molentargius e Poetto. Personale cordiale, sorridente e preparato. Bici ottime e prezzo congruo. Contiamo di tornarci per un tour in Sardegna di pi\u00f9 giorni. Consigliatissimo!<\/span><\/div><\/div><svg height=\"18\" width=\"18\" role=\"none\"><use href=\"#grw-google\"\/><\/svg><\/div><\/div><div class=\"grw-review\"><div class=\"grw-review-inner grw-backgnd\"><div class=\"wp-google-left\"><img decoding=\"async\" src=\"https:\/\/lh3.googleusercontent.com\/a-\/ALV-UjUVnsetGJMjDzHFGLHSPX35lavE7HcWukcZtSFfvOs58nwg6Z4Y=s128-c0x00000000-cc-rp-mo\" loading=\"lazy\" class=\"grw-review-avatar\" alt=\"Kristina Shakhova profile picture\" width=\"50\" height=\"50\" onerror=\"if(this.src!='https:\/\/www.sardiniagrandtour.com\/it\/wp-content\/plugins\/widget-google-reviews\/assets\/img\/guest.png')this.src='https:\/\/www.sardiniagrandtour.com\/it\/wp-content\/plugins\/widget-google-reviews\/assets\/img\/guest.png';\" ><a href=\"https:\/\/www.google.com\/maps\/contrib\/101425057272279995819\/reviews\" class=\"wp-google-name\" target=\"_blank\" rel=\"nofollow noopener\">Kristina Shakhova<\/a><div class=\"wp-google-time\" data-time=\"1732361887\">11:38 23 Nov 24<\/div><\/div><div class=\"wp-google-stars\"><span class=\"wp-stars\"><span class=\"wp-star\"><svg height=\"18\" width=\"18\" role=\"none\"><use href=\"#grw-star\"\/><\/svg><\/span><span class=\"wp-star\"><svg height=\"18\" width=\"18\" role=\"none\"><use href=\"#grw-star-o\"\/><\/svg><\/span><span class=\"wp-star\"><svg height=\"18\" width=\"18\" role=\"none\"><use href=\"#grw-star-o\"\/><\/svg><\/span><span class=\"wp-star\"><svg height=\"18\" width=\"18\" role=\"none\"><use href=\"#grw-star-o\"\/><\/svg><\/span><span class=\"wp-star\"><svg height=\"18\" width=\"18\" role=\"none\"><use href=\"#grw-star-o\"\/><\/svg><\/span><\/span><\/div><div class=\"wp-google-wrap\"><div class=\"wp-google-feedback grw-scroll\" ><span class=\"wp-google-text\">Personale davvero scortese, sito web non aggiornato con prezzi sbagliati<br \/>Deluso &#x1f44e;<\/span><\/div><\/div><svg height=\"18\" width=\"18\" role=\"none\"><use href=\"#grw-google\"\/><\/svg><\/div><\/div><div class=\"grw-review\"><div class=\"grw-review-inner grw-backgnd\"><div class=\"wp-google-left\"><img decoding=\"async\" src=\"https:\/\/lh3.googleusercontent.com\/a-\/ALV-UjXSLCh4DIcNrFUEx0mMvtQ94uTb2Sa1QdGVUyTCjV0DM1jxqZKb=s128-c0x00000000-cc-rp-mo-ba3\" loading=\"lazy\" class=\"grw-review-avatar\" alt=\"Jerzy Fr\u0105ckowiak profile picture\" width=\"50\" height=\"50\" onerror=\"if(this.src!='https:\/\/www.sardiniagrandtour.com\/it\/wp-content\/plugins\/widget-google-reviews\/assets\/img\/guest.png')this.src='https:\/\/www.sardiniagrandtour.com\/it\/wp-content\/plugins\/widget-google-reviews\/assets\/img\/guest.png';\" ><a href=\"https:\/\/www.google.com\/maps\/contrib\/107815032783627137909\/reviews\" class=\"wp-google-name\" target=\"_blank\" rel=\"nofollow noopener\">Jerzy Fr\u0105ckowiak<\/a><div class=\"wp-google-time\" data-time=\"1726831593\">11:26 20 Sep 24<\/div><\/div><div class=\"wp-google-stars\"><span class=\"wp-stars\"><span class=\"wp-star\"><svg height=\"18\" width=\"18\" role=\"none\"><use href=\"#grw-star\"\/><\/svg><\/span><span class=\"wp-star\"><svg height=\"18\" width=\"18\" role=\"none\"><use href=\"#grw-star\"\/><\/svg><\/span><span class=\"wp-star\"><svg height=\"18\" width=\"18\" role=\"none\"><use href=\"#grw-star\"\/><\/svg><\/span><span class=\"wp-star\"><svg height=\"18\" width=\"18\" role=\"none\"><use href=\"#grw-star\"\/><\/svg><\/span><span class=\"wp-star\"><svg height=\"18\" width=\"18\" role=\"none\"><use href=\"#grw-star\"\/><\/svg><\/span><\/span><\/div><div class=\"wp-google-wrap\"><div class=\"wp-google-feedback grw-scroll\" ><span class=\"wp-google-text\">Abbiamo fatto un fantastico viaggio in bicicletta indipendente di 3 giorni con base a Cagliari.<br \/>Il contatto con l'azienda \u00e8 stato ottimo, ho ricevuto anche ottimi consigli sui percorsi nella zona di Cagliari (chiedi RIDE con percorsi GPS). Non potremmo essere pi\u00f9 felici con le biciclette che abbiamo noleggiato.<br \/>Societ\u00e0 di noleggio 5*<\/span><\/div><\/div><svg height=\"18\" width=\"18\" role=\"none\"><use href=\"#grw-google\"\/><\/svg><\/div><\/div><div class=\"grw-review\"><div class=\"grw-review-inner grw-backgnd\"><div class=\"wp-google-left\"><img decoding=\"async\" src=\"https:\/\/lh3.googleusercontent.com\/a\/ACg8ocIATxxf20hUEs-aQQEX05LoqwQXsN5W97BQ0TRbV2pCALNk0Q=s128-c0x00000000-cc-rp-mo-ba4\" loading=\"lazy\" class=\"grw-review-avatar\" alt=\"Maciej Latosi\u0144ski profile picture\" width=\"50\" height=\"50\" onerror=\"if(this.src!='https:\/\/www.sardiniagrandtour.com\/it\/wp-content\/plugins\/widget-google-reviews\/assets\/img\/guest.png')this.src='https:\/\/www.sardiniagrandtour.com\/it\/wp-content\/plugins\/widget-google-reviews\/assets\/img\/guest.png';\" ><a href=\"https:\/\/www.google.com\/maps\/contrib\/109354458939287842116\/reviews\" class=\"wp-google-name\" target=\"_blank\" rel=\"nofollow noopener\">Maciej Latosi\u0144ski<\/a><div class=\"wp-google-time\" data-time=\"1721660312\">14:58 22 Jul 24<\/div><\/div><div class=\"wp-google-stars\"><span class=\"wp-stars\"><span class=\"wp-star\"><svg height=\"18\" width=\"18\" role=\"none\"><use href=\"#grw-star\"\/><\/svg><\/span><span class=\"wp-star\"><svg height=\"18\" width=\"18\" role=\"none\"><use href=\"#grw-star\"\/><\/svg><\/span><span class=\"wp-star\"><svg height=\"18\" width=\"18\" role=\"none\"><use href=\"#grw-star\"\/><\/svg><\/span><span class=\"wp-star\"><svg height=\"18\" width=\"18\" role=\"none\"><use href=\"#grw-star\"\/><\/svg><\/span><span class=\"wp-star\"><svg height=\"18\" width=\"18\" role=\"none\"><use href=\"#grw-star\"\/><\/svg><\/span><\/span><\/div><div class=\"wp-google-wrap\"><div class=\"wp-google-feedback grw-scroll\" ><span class=\"wp-google-text\">Personale gentile e disponibile, bici per tutti e possibilit\u00e0 di noleggio attrezzatura per 24 ore.<\/span><\/div><\/div><svg height=\"18\" width=\"18\" role=\"none\"><use href=\"#grw-google\"\/><\/svg><\/div><\/div><div class=\"grw-review\"><div class=\"grw-review-inner grw-backgnd\"><div class=\"wp-google-left\"><img decoding=\"async\" src=\"https:\/\/lh3.googleusercontent.com\/a-\/ALV-UjW32bxsWCvmrRTt4iHaptt57aFUKx48mCwfx92Id82ySQzLVlU=s128-c0x00000000-cc-rp-mo-ba3\" loading=\"lazy\" class=\"grw-review-avatar\" alt=\"An Dima profile picture\" width=\"50\" height=\"50\" onerror=\"if(this.src!='https:\/\/www.sardiniagrandtour.com\/it\/wp-content\/plugins\/widget-google-reviews\/assets\/img\/guest.png')this.src='https:\/\/www.sardiniagrandtour.com\/it\/wp-content\/plugins\/widget-google-reviews\/assets\/img\/guest.png';\" ><a href=\"https:\/\/www.google.com\/maps\/contrib\/114879244337323419457\/reviews\" class=\"wp-google-name\" target=\"_blank\" rel=\"nofollow noopener\">An Dima<\/a><div class=\"wp-google-time\" data-time=\"1715025230\">19:53 06 May 24<\/div><\/div><div class=\"wp-google-stars\"><span class=\"wp-stars\"><span class=\"wp-star\"><svg height=\"18\" width=\"18\" role=\"none\"><use href=\"#grw-star\"\/><\/svg><\/span><span class=\"wp-star\"><svg height=\"18\" width=\"18\" role=\"none\"><use href=\"#grw-star\"\/><\/svg><\/span><span class=\"wp-star\"><svg height=\"18\" width=\"18\" role=\"none\"><use href=\"#grw-star\"\/><\/svg><\/span><span class=\"wp-star\"><svg height=\"18\" width=\"18\" role=\"none\"><use href=\"#grw-star\"\/><\/svg><\/span><span class=\"wp-star\"><svg height=\"18\" width=\"18\" role=\"none\"><use href=\"#grw-star\"\/><\/svg><\/span><\/span><\/div><div class=\"wp-google-wrap\"><div class=\"wp-google-feedback grw-scroll\" ><span class=\"wp-google-text\">Abbiamo noleggiato le bici per esplorare il Parco di Molentargius e la spiaggia del Poetto ed \u00e8 stato molto comodo perch\u00e9 si trova direttamente sulla ciclabile. La persona \u00e8 stata molto seria e disponibile e ci ha fatto trovare le bici gi\u00e0 pronte alla mattina dopo aver fatto la prenotazione sul sito. Ci ha fornito inoltre tutte le informazioni necessarie. Ottima esperienza a prezzi ragionevoli. Consigliato.<\/span><\/div><\/div><svg height=\"18\" width=\"18\" role=\"none\"><use href=\"#grw-google\"\/><\/svg><\/div><\/div><div class=\"grw-review\"><div class=\"grw-review-inner grw-backgnd\"><div class=\"wp-google-left\"><img decoding=\"async\" src=\"https:\/\/lh3.googleusercontent.com\/a\/ACg8ocLv6s_Pq-jz_Mq1ptc14vcJo-fDpE7nLytfh1SOlXXk3Tz54g=s128-c0x00000000-cc-rp-mo\" loading=\"lazy\" class=\"grw-review-avatar\" alt=\"Vickyleen Muscat profile picture\" width=\"50\" height=\"50\" onerror=\"if(this.src!='https:\/\/www.sardiniagrandtour.com\/it\/wp-content\/plugins\/widget-google-reviews\/assets\/img\/guest.png')this.src='https:\/\/www.sardiniagrandtour.com\/it\/wp-content\/plugins\/widget-google-reviews\/assets\/img\/guest.png';\" ><a href=\"https:\/\/www.google.com\/maps\/contrib\/104972672401604402716\/reviews\" class=\"wp-google-name\" target=\"_blank\" rel=\"nofollow noopener\">Vickyleen Muscat<\/a><div class=\"wp-google-time\" data-time=\"1710150529\">09:48 11 Mar 24<\/div><\/div><div class=\"wp-google-stars\"><span class=\"wp-stars\"><span class=\"wp-star\"><svg height=\"18\" width=\"18\" role=\"none\"><use href=\"#grw-star\"\/><\/svg><\/span><span class=\"wp-star\"><svg height=\"18\" width=\"18\" role=\"none\"><use href=\"#grw-star\"\/><\/svg><\/span><span class=\"wp-star\"><svg height=\"18\" width=\"18\" role=\"none\"><use href=\"#grw-star\"\/><\/svg><\/span><span class=\"wp-star\"><svg height=\"18\" width=\"18\" role=\"none\"><use href=\"#grw-star\"\/><\/svg><\/span><span class=\"wp-star\"><svg height=\"18\" width=\"18\" role=\"none\"><use href=\"#grw-star\"\/><\/svg><\/span><\/span><\/div><div class=\"wp-google-wrap\"><div class=\"wp-google-feedback grw-scroll\" ><span class=\"wp-google-text\">Servizio eccellente!!! Il proprietario \u00e8 stato molto disponibile e ci ha servito anche quando era ufficialmente chiuso. L'ebike noleggiata ci \u00e8 stata molto utile e ha permesso di visitare molti luoghi interessanti di Cagliari \ud83d\ude42<\/span><\/div><\/div><svg height=\"18\" width=\"18\" role=\"none\"><use href=\"#grw-google\"\/><\/svg><\/div><\/div><div class=\"grw-review\"><div class=\"grw-review-inner grw-backgnd\"><div class=\"wp-google-left\"><img decoding=\"async\" src=\"https:\/\/lh3.googleusercontent.com\/a\/ACg8ocIR4Q-KuJOVwRU3EJEImAxQfFt_kFQw5vugEzHtJ2XiYBZb5A=s128-c0x00000000-cc-rp-mo\" loading=\"lazy\" class=\"grw-review-avatar\" alt=\"t Hg profile picture\" width=\"50\" height=\"50\" onerror=\"if(this.src!='https:\/\/www.sardiniagrandtour.com\/it\/wp-content\/plugins\/widget-google-reviews\/assets\/img\/guest.png')this.src='https:\/\/www.sardiniagrandtour.com\/it\/wp-content\/plugins\/widget-google-reviews\/assets\/img\/guest.png';\" ><a href=\"https:\/\/www.google.com\/maps\/contrib\/109302538163551074526\/reviews\" class=\"wp-google-name\" target=\"_blank\" rel=\"nofollow noopener\">t Hg<\/a><div class=\"wp-google-time\" data-time=\"1699538455\">14:00 09 Nov 23<\/div><\/div><div class=\"wp-google-stars\"><span class=\"wp-stars\"><span class=\"wp-star\"><svg height=\"18\" width=\"18\" role=\"none\"><use href=\"#grw-star\"\/><\/svg><\/span><span class=\"wp-star\"><svg height=\"18\" width=\"18\" role=\"none\"><use href=\"#grw-star\"\/><\/svg><\/span><span class=\"wp-star\"><svg height=\"18\" width=\"18\" role=\"none\"><use href=\"#grw-star\"\/><\/svg><\/span><span class=\"wp-star\"><svg height=\"18\" width=\"18\" role=\"none\"><use href=\"#grw-star\"\/><\/svg><\/span><span class=\"wp-star\"><svg height=\"18\" width=\"18\" role=\"none\"><use href=\"#grw-star\"\/><\/svg><\/span><\/span><\/div><div class=\"wp-google-wrap\"><div class=\"wp-google-feedback grw-scroll\" ><span class=\"wp-google-text\">Un'esperienza fantastica dall'inizio alla fine: molte grazie a Marco per essersi assicurato che fossimo completamente attrezzati e pronti per partire per alcuni fantastici tour della Sardegna!<\/span><\/div><\/div><svg height=\"18\" width=\"18\" role=\"none\"><use href=\"#grw-google\"\/><\/svg><\/div><\/div><div class=\"grw-review\"><div class=\"grw-review-inner grw-backgnd\"><div class=\"wp-google-left\"><img decoding=\"async\" src=\"https:\/\/lh3.googleusercontent.com\/a\/ACg8ocIztPSIaiB2fnofB7ajHsTH7CA5JGLiM6ttdo6QLEQqoBS0CQ=s128-c0x00000000-cc-rp-mo\" loading=\"lazy\" class=\"grw-review-avatar\" alt=\"Bianca Mulder profile picture\" width=\"50\" height=\"50\" onerror=\"if(this.src!='https:\/\/www.sardiniagrandtour.com\/it\/wp-content\/plugins\/widget-google-reviews\/assets\/img\/guest.png')this.src='https:\/\/www.sardiniagrandtour.com\/it\/wp-content\/plugins\/widget-google-reviews\/assets\/img\/guest.png';\" ><a href=\"https:\/\/www.google.com\/maps\/contrib\/101726848122476618391\/reviews\" class=\"wp-google-name\" target=\"_blank\" rel=\"nofollow noopener\">Bianca Mulder<\/a><div class=\"wp-google-time\" data-time=\"1698958182\">20:49 02 Nov 23<\/div><\/div><div class=\"wp-google-stars\"><span class=\"wp-stars\"><span class=\"wp-star\"><svg height=\"18\" width=\"18\" role=\"none\"><use href=\"#grw-star\"\/><\/svg><\/span><span class=\"wp-star\"><svg height=\"18\" width=\"18\" role=\"none\"><use href=\"#grw-star\"\/><\/svg><\/span><span class=\"wp-star\"><svg height=\"18\" width=\"18\" role=\"none\"><use href=\"#grw-star\"\/><\/svg><\/span><span class=\"wp-star\"><svg height=\"18\" width=\"18\" role=\"none\"><use href=\"#grw-star\"\/><\/svg><\/span><span class=\"wp-star\"><svg height=\"18\" width=\"18\" role=\"none\"><use href=\"#grw-star\"\/><\/svg><\/span><\/span><\/div><div class=\"wp-google-wrap\"><div class=\"wp-google-feedback grw-scroll\" ><span class=\"wp-google-text\">Grazie per la bella bicicletta elettrica. Sono stata a Cagliari per una settimana. In parte grazie alla bella moto, ho trascorso una settimana fantastica. Ho pedalato molti chilometri e quindi ho visto molto. Il percorso lungo la spiaggia era perfetto per il ciclismo e anche il percorso dalla spiaggia alla citt\u00e0. Buon servizio ed \u00e8 bello poter usare la bici per qualche ora in pi\u00f9!<\/span><\/div><\/div><svg height=\"18\" width=\"18\" role=\"none\"><use href=\"#grw-google\"\/><\/svg><\/div><\/div><div class=\"grw-review\"><div class=\"grw-review-inner grw-backgnd\"><div class=\"wp-google-left\"><img decoding=\"async\" src=\"https:\/\/lh3.googleusercontent.com\/a\/ACg8ocJgXBBdQgl1V2hcFyi536cev0BTSXlU-wL15M0M7GNRKDBnAQ=s128-c0x00000000-cc-rp-mo\" loading=\"lazy\" class=\"grw-review-avatar\" alt=\"Rolands Dembovskis profile picture\" width=\"50\" height=\"50\" onerror=\"if(this.src!='https:\/\/www.sardiniagrandtour.com\/it\/wp-content\/plugins\/widget-google-reviews\/assets\/img\/guest.png')this.src='https:\/\/www.sardiniagrandtour.com\/it\/wp-content\/plugins\/widget-google-reviews\/assets\/img\/guest.png';\" ><a href=\"https:\/\/www.google.com\/maps\/contrib\/111362813069173354010\/reviews\" class=\"wp-google-name\" target=\"_blank\" rel=\"nofollow noopener\">Rolands Dembovskis<\/a><div class=\"wp-google-time\" data-time=\"1690984894\">14:01 02 Aug 23<\/div><\/div><div class=\"wp-google-stars\"><span class=\"wp-stars\"><span class=\"wp-star\"><svg height=\"18\" width=\"18\" role=\"none\"><use href=\"#grw-star\"\/><\/svg><\/span><span class=\"wp-star\"><svg height=\"18\" width=\"18\" role=\"none\"><use href=\"#grw-star\"\/><\/svg><\/span><span class=\"wp-star\"><svg height=\"18\" width=\"18\" role=\"none\"><use href=\"#grw-star\"\/><\/svg><\/span><span class=\"wp-star\"><svg height=\"18\" width=\"18\" role=\"none\"><use href=\"#grw-star\"\/><\/svg><\/span><span class=\"wp-star\"><svg height=\"18\" width=\"18\" role=\"none\"><use href=\"#grw-star\"\/><\/svg><\/span><\/span><\/div><div class=\"wp-google-wrap\"><div class=\"wp-google-feedback grw-scroll\" ><\/div><\/div><svg height=\"18\" width=\"18\" role=\"none\"><use href=\"#grw-google\"\/><\/svg><\/div><\/div><div class=\"grw-review\"><div class=\"grw-review-inner grw-backgnd\"><div class=\"wp-google-left\"><img decoding=\"async\" src=\"https:\/\/lh3.googleusercontent.com\/a-\/ALV-UjXr2MqzBmhdDSMIelFINAkW6V2aQ6j2nTtPihK0x5PjVT33fO2_=s128-c0x00000000-cc-rp-mo\" loading=\"lazy\" class=\"grw-review-avatar\" alt=\"Robert Lehocky profile picture\" width=\"50\" height=\"50\" onerror=\"if(this.src!='https:\/\/www.sardiniagrandtour.com\/it\/wp-content\/plugins\/widget-google-reviews\/assets\/img\/guest.png')this.src='https:\/\/www.sardiniagrandtour.com\/it\/wp-content\/plugins\/widget-google-reviews\/assets\/img\/guest.png';\" ><a href=\"https:\/\/www.google.com\/maps\/contrib\/117167835833910682613\/reviews\" class=\"wp-google-name\" target=\"_blank\" rel=\"nofollow noopener\">Robert Lehocky<\/a><div class=\"wp-google-time\" data-time=\"1690539756\">10:22 28 Jul 23<\/div><\/div><div class=\"wp-google-stars\"><span class=\"wp-stars\"><span class=\"wp-star\"><svg height=\"18\" width=\"18\" role=\"none\"><use href=\"#grw-star\"\/><\/svg><\/span><span class=\"wp-star\"><svg height=\"18\" width=\"18\" role=\"none\"><use href=\"#grw-star\"\/><\/svg><\/span><span class=\"wp-star\"><svg height=\"18\" width=\"18\" role=\"none\"><use href=\"#grw-star\"\/><\/svg><\/span><span class=\"wp-star\"><svg height=\"18\" width=\"18\" role=\"none\"><use href=\"#grw-star\"\/><\/svg><\/span><span class=\"wp-star\"><svg height=\"18\" width=\"18\" role=\"none\"><use href=\"#grw-star\"\/><\/svg><\/span><\/span><\/div><div class=\"wp-google-wrap\"><div class=\"wp-google-feedback grw-scroll\" ><span class=\"wp-google-text\">Noleggio biciclette altamente raccomandabile, tutto era semplicemente perfetto! Grazie!<\/span><\/div><\/div><svg height=\"18\" width=\"18\" role=\"none\"><use href=\"#grw-google\"\/><\/svg><\/div><\/div><div class=\"grw-review\"><div class=\"grw-review-inner grw-backgnd\"><div class=\"wp-google-left\"><img decoding=\"async\" src=\"https:\/\/lh3.googleusercontent.com\/a\/ACg8ocKKzUPsddtAZ0K85SclT9PJYU_dPbzAORTcCIsyhNYU=s128-c0x00000000-cc-rp-mo\" loading=\"lazy\" class=\"grw-review-avatar\" alt=\"Matt M profile picture\" width=\"50\" height=\"50\" onerror=\"if(this.src!='https:\/\/www.sardiniagrandtour.com\/it\/wp-content\/plugins\/widget-google-reviews\/assets\/img\/guest.png')this.src='https:\/\/www.sardiniagrandtour.com\/it\/wp-content\/plugins\/widget-google-reviews\/assets\/img\/guest.png';\" ><a href=\"https:\/\/www.google.com\/maps\/contrib\/105072200448627954285\/reviews\" class=\"wp-google-name\" target=\"_blank\" rel=\"nofollow noopener\">Matt M<\/a><div class=\"wp-google-time\" data-time=\"1689012858\">18:14 10 Jul 23<\/div><\/div><div class=\"wp-google-stars\"><span class=\"wp-stars\"><span class=\"wp-star\"><svg height=\"18\" width=\"18\" role=\"none\"><use href=\"#grw-star\"\/><\/svg><\/span><span class=\"wp-star\"><svg height=\"18\" width=\"18\" role=\"none\"><use href=\"#grw-star\"\/><\/svg><\/span><span class=\"wp-star\"><svg height=\"18\" width=\"18\" role=\"none\"><use href=\"#grw-star\"\/><\/svg><\/span><span class=\"wp-star\"><svg height=\"18\" width=\"18\" role=\"none\"><use href=\"#grw-star\"\/><\/svg><\/span><span class=\"wp-star\"><svg height=\"18\" width=\"18\" role=\"none\"><use href=\"#grw-star\"\/><\/svg><\/span><\/span><\/div><div class=\"wp-google-wrap\"><div class=\"wp-google-feedback grw-scroll\" ><span class=\"wp-google-text\">Marco e il team hanno un ottimo affare assicurandoti di ottenere la bici di cui hai bisogno e adattarla alle tue specifiche. La comunicazione \u00e8 impeccabile e tempestiva assicurandoti di ottenere il massimo dalla tua vacanza. Le bici sono in condizioni meccaniche incredibili e, in caso di problemi, ti verranno forniti strumenti per bici, toppe e tubi extra. Oh, e le borse laterali sono un'ottima aggiunta e valgono il costo. Saluti al Grand Tour della Sardegna!<\/span><\/div><\/div><svg height=\"18\" width=\"18\" role=\"none\"><use href=\"#grw-google\"\/><\/svg><\/div><\/div><div class=\"grw-review\"><div class=\"grw-review-inner grw-backgnd\"><div class=\"wp-google-left\"><img decoding=\"async\" src=\"https:\/\/lh3.googleusercontent.com\/a-\/ALV-UjXlUh88yQKRds3hvzhYQoP90LqzNBuoYLNw81WY9ktoeA=s128-c0x00000000-cc-rp-mo\" loading=\"lazy\" class=\"grw-review-avatar\" alt=\"Anna Marchisio profile picture\" width=\"50\" height=\"50\" onerror=\"if(this.src!='https:\/\/www.sardiniagrandtour.com\/it\/wp-content\/plugins\/widget-google-reviews\/assets\/img\/guest.png')this.src='https:\/\/www.sardiniagrandtour.com\/it\/wp-content\/plugins\/widget-google-reviews\/assets\/img\/guest.png';\" ><a href=\"https:\/\/www.google.com\/maps\/contrib\/104602059370116475613\/reviews\" class=\"wp-google-name\" target=\"_blank\" rel=\"nofollow noopener\">Anna Marchisio<\/a><div class=\"wp-google-time\" data-time=\"1652086154\">08:49 09 May 22<\/div><\/div><div class=\"wp-google-stars\"><span class=\"wp-stars\"><span class=\"wp-star\"><svg height=\"18\" width=\"18\" role=\"none\"><use href=\"#grw-star\"\/><\/svg><\/span><span class=\"wp-star\"><svg height=\"18\" width=\"18\" role=\"none\"><use href=\"#grw-star\"\/><\/svg><\/span><span class=\"wp-star\"><svg height=\"18\" width=\"18\" role=\"none\"><use href=\"#grw-star\"\/><\/svg><\/span><span class=\"wp-star\"><svg height=\"18\" width=\"18\" role=\"none\"><use href=\"#grw-star\"\/><\/svg><\/span><span class=\"wp-star\"><svg height=\"18\" width=\"18\" role=\"none\"><use href=\"#grw-star\"\/><\/svg><\/span><\/span><\/div><div class=\"wp-google-wrap\"><div class=\"wp-google-feedback grw-scroll\" ><span class=\"wp-google-text\">Tour \"Expedition Across Sardinia\" molto ben organizzato e gestito.<br \/>Itinerario molto interessante e vario sia per il percorso che per i paesaggi che consentiva anche delle interessanti deviazioni lungo il percorso.<br \/>Le bici a noleggio erano perfette e le tracce gps, con relativo software, era precisissimo e ricco di informazioni.<br \/>Strutture ricettive molto belle. Segnaliamo Agriturismo Sa Tanchitta... Posto particolare e tranquillo con una cena veramente squisita. Ottima anche la cena dell'hotel Edera.<br \/>Unica critica la struttura Omu Axiu che ha visto tempi decisamente migliori.<\/span><\/div><\/div><svg height=\"18\" width=\"18\" role=\"none\"><use href=\"#grw-google\"\/><\/svg><\/div><\/div><div class=\"grw-review\"><div class=\"grw-review-inner grw-backgnd\"><div class=\"wp-google-left\"><img decoding=\"async\" src=\"https:\/\/lh3.googleusercontent.com\/a\/ACg8ocK_ia-O3-Cs4YydZaBkDnQJGOhfamNO43kDn_jKOTYF=s128-c0x00000000-cc-rp-mo\" loading=\"lazy\" class=\"grw-review-avatar\" alt=\"Irene Cadamuro profile picture\" width=\"50\" height=\"50\" onerror=\"if(this.src!='https:\/\/www.sardiniagrandtour.com\/it\/wp-content\/plugins\/widget-google-reviews\/assets\/img\/guest.png')this.src='https:\/\/www.sardiniagrandtour.com\/it\/wp-content\/plugins\/widget-google-reviews\/assets\/img\/guest.png';\" ><a href=\"https:\/\/www.google.com\/maps\/contrib\/109432884345279086268\/reviews\" class=\"wp-google-name\" target=\"_blank\" rel=\"nofollow noopener\">Irene Cadamuro<\/a><div class=\"wp-google-time\" data-time=\"1630255386\">16:43 29 Aug 21<\/div><\/div><div class=\"wp-google-stars\"><span class=\"wp-stars\"><span class=\"wp-star\"><svg height=\"18\" width=\"18\" role=\"none\"><use href=\"#grw-star\"\/><\/svg><\/span><span class=\"wp-star\"><svg height=\"18\" width=\"18\" role=\"none\"><use href=\"#grw-star\"\/><\/svg><\/span><span class=\"wp-star\"><svg height=\"18\" width=\"18\" role=\"none\"><use href=\"#grw-star\"\/><\/svg><\/span><span class=\"wp-star\"><svg height=\"18\" width=\"18\" role=\"none\"><use href=\"#grw-star\"\/><\/svg><\/span><span class=\"wp-star\"><svg height=\"18\" width=\"18\" role=\"none\"><use href=\"#grw-star\"\/><\/svg><\/span><\/span><\/div><div class=\"wp-google-wrap\"><div class=\"wp-google-feedback grw-scroll\" ><span class=\"wp-google-text\">Noleggiato una c-sport Bianchi per un tour autonomo da Cagliaro ad Alghero (presa a Cagliari e riconsegnata comodamente ad Alghero). La bici, conseganta con tutti gli acessori necessari (luci, kit completo di riparazione, lucchetto,...) si \u00e8 dimostrata perfetta in tutto il viaggio. Un ringraziamento particolare allo staff del noleggio di Cagliari che sempre prontamente mi ha supportato con grande professionalit\u00e0 con consigli pratici e itinerari, sia prima che durante il tour. L'avere loro risposte precise e immediate \u00e8 stato sicuramente un ottimo supporto al viaggio. Se la costa occidentale della Sardegna certamente si presta a questo tipo di esperienza, questo tipo di professionalit\u00e0 la rende indimenticabile. Grazie di tutto.. Irene<\/span><\/div><\/div><svg height=\"18\" width=\"18\" role=\"none\"><use href=\"#grw-google\"\/><\/svg><\/div><\/div><div class=\"grw-review\"><div class=\"grw-review-inner grw-backgnd\"><div class=\"wp-google-left\"><img decoding=\"async\" src=\"https:\/\/lh3.googleusercontent.com\/a-\/ALV-UjV22t0zzpfVLt_Jkkn47TnmJyGp7alIxOkZzgch1FuPAA=s128-c0x00000000-cc-rp-mo\" loading=\"lazy\" class=\"grw-review-avatar\" alt=\"Bruna Pietracci profile picture\" width=\"50\" height=\"50\" onerror=\"if(this.src!='https:\/\/www.sardiniagrandtour.com\/it\/wp-content\/plugins\/widget-google-reviews\/assets\/img\/guest.png')this.src='https:\/\/www.sardiniagrandtour.com\/it\/wp-content\/plugins\/widget-google-reviews\/assets\/img\/guest.png';\" ><a href=\"https:\/\/www.google.com\/maps\/contrib\/113333010507158190218\/reviews\" class=\"wp-google-name\" target=\"_blank\" rel=\"nofollow noopener\">Bruna Pietracci<\/a><div class=\"wp-google-time\" data-time=\"1629792593\">08:09 24 Aug 21<\/div><\/div><div class=\"wp-google-stars\"><span class=\"wp-stars\"><span class=\"wp-star\"><svg height=\"18\" width=\"18\" role=\"none\"><use href=\"#grw-star\"\/><\/svg><\/span><span class=\"wp-star\"><svg height=\"18\" width=\"18\" role=\"none\"><use href=\"#grw-star\"\/><\/svg><\/span><span class=\"wp-star\"><svg height=\"18\" width=\"18\" role=\"none\"><use href=\"#grw-star\"\/><\/svg><\/span><span class=\"wp-star\"><svg height=\"18\" width=\"18\" role=\"none\"><use href=\"#grw-star\"\/><\/svg><\/span><span class=\"wp-star\"><svg height=\"18\" width=\"18\" role=\"none\"><use href=\"#grw-star\"\/><\/svg><\/span><\/span><\/div><div class=\"wp-google-wrap\"><div class=\"wp-google-feedback grw-scroll\" ><span class=\"wp-google-text\">MERAVIGLIOSI!<br \/>Quando pensi di andare semplicemente ad affittare una bici...(e che bici!) e trovi persone estremamente competenti e gentili. Grazie infinte Marcello e Gian Mario - super disponibili e pronti ad aiutarmi nelle disavventure da carta smagnetizzata. Siete speciali!<br \/>E sicuro ci rivedremo per una delle vostre spedizioni - un abbraccio e grazie ancora di tutto!<\/span><\/div><\/div><svg height=\"18\" width=\"18\" role=\"none\"><use href=\"#grw-google\"\/><\/svg><\/div><\/div><div class=\"grw-review\"><div class=\"grw-review-inner grw-backgnd\"><div class=\"wp-google-left\"><img decoding=\"async\" src=\"https:\/\/lh3.googleusercontent.com\/a\/ACg8ocJkAW9BqAlknakmd99vKf-ivkP256pU-F-QsxZ24mAP=s128-c0x00000000-cc-rp-mo\" loading=\"lazy\" class=\"grw-review-avatar\" alt=\"Enrique Pequeno profile picture\" width=\"50\" height=\"50\" onerror=\"if(this.src!='https:\/\/www.sardiniagrandtour.com\/it\/wp-content\/plugins\/widget-google-reviews\/assets\/img\/guest.png')this.src='https:\/\/www.sardiniagrandtour.com\/it\/wp-content\/plugins\/widget-google-reviews\/assets\/img\/guest.png';\" ><a href=\"https:\/\/www.google.com\/maps\/contrib\/111051548979348929927\/reviews\" class=\"wp-google-name\" target=\"_blank\" rel=\"nofollow noopener\">Enrique Pequeno<\/a><div class=\"wp-google-time\" data-time=\"1629134189\">17:16 16 Aug 21<\/div><\/div><div class=\"wp-google-stars\"><span class=\"wp-stars\"><span class=\"wp-star\"><svg height=\"18\" width=\"18\" role=\"none\"><use href=\"#grw-star\"\/><\/svg><\/span><span class=\"wp-star\"><svg height=\"18\" width=\"18\" role=\"none\"><use href=\"#grw-star\"\/><\/svg><\/span><span class=\"wp-star\"><svg height=\"18\" width=\"18\" role=\"none\"><use href=\"#grw-star\"\/><\/svg><\/span><span class=\"wp-star\"><svg height=\"18\" width=\"18\" role=\"none\"><use href=\"#grw-star\"\/><\/svg><\/span><span class=\"wp-star\"><svg height=\"18\" width=\"18\" role=\"none\"><use href=\"#grw-star\"\/><\/svg><\/span><\/span><\/div><div class=\"wp-google-wrap\"><div class=\"wp-google-feedback grw-scroll\" ><span class=\"wp-google-text\">Consiglio Sardinia GT per la qualit\u00e0 del servizio e dei mezzi, la professionalit\u00e0 e l'estrema disponibilit\u00e0. Vivere la Sardegna un bici e con alle spalle il Team Sardegna GT \u00e9 stato magnifico.<\/span><\/div><\/div><svg height=\"18\" width=\"18\" role=\"none\"><use href=\"#grw-google\"\/><\/svg><\/div><\/div><div class=\"grw-review\"><div class=\"grw-review-inner grw-backgnd\"><div class=\"wp-google-left\"><img decoding=\"async\" src=\"https:\/\/lh3.googleusercontent.com\/a\/AItbvmlvvOOa-BOugDWLmI6Q76aJYIw_LnbmlWVv92bj=s128-c0x00000000-cc-rp-mo\" loading=\"lazy\" class=\"grw-review-avatar\" alt=\"Claudio Tomarchio profile picture\" width=\"50\" height=\"50\" onerror=\"if(this.src!='https:\/\/www.sardiniagrandtour.com\/it\/wp-content\/plugins\/widget-google-reviews\/assets\/img\/guest.png')this.src='https:\/\/www.sardiniagrandtour.com\/it\/wp-content\/plugins\/widget-google-reviews\/assets\/img\/guest.png';\" ><a href=\"https:\/\/www.google.com\/maps\/contrib\/100940224509980454740\/reviews\" class=\"wp-google-name\" target=\"_blank\" rel=\"nofollow noopener\">Claudio Tomarchio<\/a><div class=\"wp-google-time\" data-time=\"1629047278\">17:07 15 Aug 21<\/div><\/div><div class=\"wp-google-stars\"><span class=\"wp-stars\"><span class=\"wp-star\"><svg height=\"18\" width=\"18\" role=\"none\"><use href=\"#grw-star\"\/><\/svg><\/span><span class=\"wp-star\"><svg height=\"18\" width=\"18\" role=\"none\"><use href=\"#grw-star\"\/><\/svg><\/span><span class=\"wp-star\"><svg height=\"18\" width=\"18\" role=\"none\"><use href=\"#grw-star\"\/><\/svg><\/span><span class=\"wp-star\"><svg height=\"18\" width=\"18\" role=\"none\"><use href=\"#grw-star\"\/><\/svg><\/span><span class=\"wp-star\"><svg height=\"18\" width=\"18\" role=\"none\"><use href=\"#grw-star\"\/><\/svg><\/span><\/span><\/div><div class=\"wp-google-wrap\"><div class=\"wp-google-feedback grw-scroll\" ><span class=\"wp-google-text\">Ho noleggiato una bici per una settimana, lo consiglio!<\/span><\/div><\/div><svg height=\"18\" width=\"18\" role=\"none\"><use href=\"#grw-google\"\/><\/svg><\/div><\/div><div class=\"grw-review\"><div class=\"grw-review-inner grw-backgnd\"><div class=\"wp-google-left\"><img decoding=\"async\" src=\"https:\/\/lh3.googleusercontent.com\/a\/AItbvmlV7osLIDAFwp9Q8s7LZG7mjDl3Zu7tms3Y0-zX=s128-c0x00000000-cc-rp-mo\" loading=\"lazy\" class=\"grw-review-avatar\" alt=\"gabriele di paolo profile picture\" width=\"50\" height=\"50\" onerror=\"if(this.src!='https:\/\/www.sardiniagrandtour.com\/it\/wp-content\/plugins\/widget-google-reviews\/assets\/img\/guest.png')this.src='https:\/\/www.sardiniagrandtour.com\/it\/wp-content\/plugins\/widget-google-reviews\/assets\/img\/guest.png';\" ><a href=\"https:\/\/www.google.com\/maps\/contrib\/109721813773987788864\/reviews\" class=\"wp-google-name\" target=\"_blank\" rel=\"nofollow noopener\">gabriele di paolo<\/a><div class=\"wp-google-time\" data-time=\"1628318624\">06:43 07 Aug 21<\/div><\/div><div class=\"wp-google-stars\"><span class=\"wp-stars\"><span class=\"wp-star\"><svg height=\"18\" width=\"18\" role=\"none\"><use href=\"#grw-star\"\/><\/svg><\/span><span class=\"wp-star\"><svg height=\"18\" width=\"18\" role=\"none\"><use href=\"#grw-star\"\/><\/svg><\/span><span class=\"wp-star\"><svg height=\"18\" width=\"18\" role=\"none\"><use href=\"#grw-star\"\/><\/svg><\/span><span class=\"wp-star\"><svg height=\"18\" width=\"18\" role=\"none\"><use href=\"#grw-star\"\/><\/svg><\/span><span class=\"wp-star\"><svg height=\"18\" width=\"18\" role=\"none\"><use href=\"#grw-star\"\/><\/svg><\/span><\/span><\/div><div class=\"wp-google-wrap\"><div class=\"wp-google-feedback grw-scroll\" ><span class=\"wp-google-text\">Una vacanza bellissima nel sud della Sardegna, luoghi ancora incontaminati ed assistenza impeccabile di Gian Mario e Marcello<\/span><\/div><\/div><svg height=\"18\" width=\"18\" role=\"none\"><use href=\"#grw-google\"\/><\/svg><\/div><\/div><div class=\"grw-review\"><div class=\"grw-review-inner grw-backgnd\"><div class=\"wp-google-left\"><img decoding=\"async\" src=\"https:\/\/lh3.googleusercontent.com\/a-\/ALV-UjU0u2DrnVJNQpdM12Ut3-PBv1VNewTwBPfDwp7EZAL_bKs=s128-c0x00000000-cc-rp-mo-ba5\" loading=\"lazy\" class=\"grw-review-avatar\" alt=\"Alessio Manca profile picture\" width=\"50\" height=\"50\" onerror=\"if(this.src!='https:\/\/www.sardiniagrandtour.com\/it\/wp-content\/plugins\/widget-google-reviews\/assets\/img\/guest.png')this.src='https:\/\/www.sardiniagrandtour.com\/it\/wp-content\/plugins\/widget-google-reviews\/assets\/img\/guest.png';\" ><a href=\"https:\/\/www.google.com\/maps\/contrib\/100234092922232165975\/reviews\" class=\"wp-google-name\" target=\"_blank\" rel=\"nofollow noopener\">Alessio Manca<\/a><div class=\"wp-google-time\" data-time=\"1487620645\">19:57 20 Feb 17<\/div><\/div><div class=\"wp-google-stars\"><span class=\"wp-stars\"><span class=\"wp-star\"><svg height=\"18\" width=\"18\" role=\"none\"><use href=\"#grw-star\"\/><\/svg><\/span><span class=\"wp-star\"><svg height=\"18\" width=\"18\" role=\"none\"><use href=\"#grw-star\"\/><\/svg><\/span><span class=\"wp-star\"><svg height=\"18\" width=\"18\" role=\"none\"><use href=\"#grw-star\"\/><\/svg><\/span><span class=\"wp-star\"><svg height=\"18\" width=\"18\" role=\"none\"><use href=\"#grw-star\"\/><\/svg><\/span><span class=\"wp-star\"><svg height=\"18\" width=\"18\" role=\"none\"><use href=\"#grw-star\"\/><\/svg><\/span><\/span><\/div><div class=\"wp-google-wrap\"><div class=\"wp-google-feedback grw-scroll\" ><span class=\"wp-google-text\">Complimenti a questi ragazzi per avermi fatto gustare un angolo della mia terra che ancora non conoscevo.<br \/>Genuini e diretto rappresentanti del territorio, mi hanno guidato alla scoperta di un antico sentiero da cui poter ammirare alcune spiagge nellazona di Chia, oltre il punto a cui sono sempre arrivato.<br \/>Pranzo al sacco in compagnia di amici con una loro storia da raccontare e la nostra storia da ascoltare.<br \/>Non vedo l'ora di provare un nuovo itinerario.<\/span><\/div><\/div><svg height=\"18\" width=\"18\" role=\"none\"><use href=\"#grw-google\"\/><\/svg><\/div><\/div><\/div><button class=\"grw-btns grw-next\" tabindex=\"0\"><svg viewBox=\"0 0 24 24\" role=\"none\"><path d=\"M9.4,18.4l-0.7-0.7l5.6-5.6L8.6,6.4l0.7-0.7l6.4,6.4L9.4,18.4z\"><\/path><\/svg><\/button><div class=\"rpi-dots-wrap\"><div class=\"rpi-dots\"><\/div><\/div><\/div><\/div><\/div><\/div>        <\/div>\n<\/div>\n","protected":false},"excerpt":{"rendered":"<p>Le nostre bici a noleggio in Sardegna Marchi italiani, passione italiana. Noleggia una bici italiana per le tue vacanze in Sardegna.Scegli tra Bianchi, Wilier e De Rosa. Ti portiamo la bici ovunque tu sia in Sardegna. Bianchi &#8211; Infinito XE Da 40\u20ac al giorno Disponibilit\u00e0 Bianchi &#8211; Infinito CV Dura-Ace Di2 Da 50\u20ac al giorno [&#8230;]<\/p>\n<p><a class=\"btn btn-secondary understrap-read-more-link\" href=\"https:\/\/www.sardiniagrandtour.com\/it\/\">Leggi di pi\u00f9&#8230;<span class=\"screen-reader-text\"> from Home<\/span><\/a><\/p>\n","protected":false},"author":3,"featured_media":7526,"parent":0,"menu_order":0,"comment_status":"closed","ping_status":"open","template":"page-templates\/empty.php","meta":{"footnotes":""},"class_list":["post-4051","page","type-page","status-publish","has-post-thumbnail","hentry"],"yoast_head":"<!-- This site is optimized with the Yoast SEO plugin v26.5 - https:\/\/yoast.com\/wordpress\/plugins\/seo\/ -->\n<title>Noleggio bici in Sardegna, Tour e Vacanze in Bicicletta in Sardegna<\/title>\n<meta name=\"description\" content=\"Noleggia la bici per le tue vacanze in Sardegna o prenota un Tour in Bicicletta con trasporto bagagli per scoprire la Sardegna in libert\u00e0.\" \/>\n<meta name=\"robots\" content=\"index, follow, max-snippet:-1, max-image-preview:large, max-video-preview:-1\" \/>\n<link rel=\"canonical\" href=\"https:\/\/www.sardiniagrandtour.com\/it\/\" \/>\n<meta property=\"og:locale\" content=\"it_IT\" \/>\n<meta property=\"og:type\" content=\"article\" \/>\n<meta property=\"og:title\" content=\"Noleggio bici in Sardegna, Tour e Vacanze in Bicicletta in Sardegna\" \/>\n<meta property=\"og:description\" content=\"Noleggia la bici per le tue vacanze in Sardegna o prenota un Tour in Bicicletta con trasporto bagagli per scoprire la Sardegna in libert\u00e0.\" \/>\n<meta property=\"og:url\" content=\"https:\/\/www.sardiniagrandtour.com\/it\/\" \/>\n<meta property=\"og:site_name\" content=\"Sardinia Grand Tour\" \/>\n<meta property=\"article:publisher\" content=\"https:\/\/www.facebook.com\/sardiniagrandtour\" \/>\n<meta property=\"article:modified_time\" content=\"2023-02-10T11:24:27+00:00\" \/>\n<meta property=\"og:image\" content=\"https:\/\/www.sardiniagrandtour.com\/it\/wp-content\/uploads\/2021\/07\/logoSGT_big.png\" \/>\n\t<meta property=\"og:image:width\" content=\"5905\" \/>\n\t<meta property=\"og:image:height\" content=\"3059\" \/>\n\t<meta property=\"og:image:type\" content=\"image\/png\" \/>\n<meta name=\"twitter:card\" content=\"summary_large_image\" \/>\n<meta name=\"twitter:label1\" content=\"Tempo di lettura stimato\" \/>\n\t<meta name=\"twitter:data1\" content=\"6 minuti\" \/>\n<script type=\"application\/ld+json\" class=\"yoast-schema-graph\">{\"@context\":\"https:\/\/schema.org\",\"@graph\":[{\"@type\":\"WebPage\",\"@id\":\"https:\/\/www.sardiniagrandtour.com\/it\/\",\"url\":\"https:\/\/www.sardiniagrandtour.com\/it\/\",\"name\":\"Noleggio bici in Sardegna, Tour e Vacanze in Bicicletta in Sardegna\",\"isPartOf\":{\"@id\":\"https:\/\/www.sardiniagrandtour.com\/it\/#website\"},\"primaryImageOfPage\":{\"@id\":\"https:\/\/www.sardiniagrandtour.com\/it\/#primaryimage\"},\"image\":{\"@id\":\"https:\/\/www.sardiniagrandtour.com\/it\/#primaryimage\"},\"thumbnailUrl\":\"https:\/\/www.sardiniagrandtour.com\/it\/wp-content\/uploads\/2021\/07\/logoSGT_big.png\",\"datePublished\":\"2016-02-10T10:16:07+00:00\",\"dateModified\":\"2023-02-10T11:24:27+00:00\",\"description\":\"Noleggia la bici per le tue vacanze in Sardegna o prenota un Tour in Bicicletta con trasporto bagagli per scoprire la Sardegna in libert\u00e0.\",\"breadcrumb\":{\"@id\":\"https:\/\/www.sardiniagrandtour.com\/it\/#breadcrumb\"},\"inLanguage\":\"it-IT\",\"potentialAction\":[{\"@type\":\"ReadAction\",\"target\":[\"https:\/\/www.sardiniagrandtour.com\/it\/\"]}]},{\"@type\":\"ImageObject\",\"inLanguage\":\"it-IT\",\"@id\":\"https:\/\/www.sardiniagrandtour.com\/it\/#primaryimage\",\"url\":\"https:\/\/www.sardiniagrandtour.com\/it\/wp-content\/uploads\/2021\/07\/logoSGT_big.png\",\"contentUrl\":\"https:\/\/www.sardiniagrandtour.com\/it\/wp-content\/uploads\/2021\/07\/logoSGT_big.png\",\"width\":5905,\"height\":3059},{\"@type\":\"BreadcrumbList\",\"@id\":\"https:\/\/www.sardiniagrandtour.com\/it\/#breadcrumb\",\"itemListElement\":[{\"@type\":\"ListItem\",\"position\":1,\"name\":\"Home\",\"item\":\"https:\/\/www.sardiniagrandtour.com\/it\/\"},{\"@type\":\"ListItem\",\"position\":2,\"name\":\"Home\"}]},{\"@type\":\"WebSite\",\"@id\":\"https:\/\/www.sardiniagrandtour.com\/it\/#website\",\"url\":\"https:\/\/www.sardiniagrandtour.com\/it\/\",\"name\":\"Sardinia Grand Tour\",\"description\":\"Vacanze in bicicletta in Sardegna\",\"publisher\":{\"@id\":\"https:\/\/www.sardiniagrandtour.com\/it\/#organization\"},\"potentialAction\":[{\"@type\":\"SearchAction\",\"target\":{\"@type\":\"EntryPoint\",\"urlTemplate\":\"https:\/\/www.sardiniagrandtour.com\/it\/?s={search_term_string}\"},\"query-input\":{\"@type\":\"PropertyValueSpecification\",\"valueRequired\":true,\"valueName\":\"search_term_string\"}}],\"inLanguage\":\"it-IT\"},{\"@type\":\"Organization\",\"@id\":\"https:\/\/www.sardiniagrandtour.com\/it\/#organization\",\"name\":\"Anfibia Ecotours Tour Operator\",\"url\":\"https:\/\/www.sardiniagrandtour.com\/it\/\",\"logo\":{\"@type\":\"ImageObject\",\"inLanguage\":\"it-IT\",\"@id\":\"https:\/\/www.sardiniagrandtour.com\/it\/#\/schema\/logo\/image\/\",\"url\":\"https:\/\/www.sardiniagrandtour.com\/it\/wp-content\/uploads\/2016\/01\/icona-LogoSGT_trasparenza_azzurro.png\",\"contentUrl\":\"https:\/\/www.sardiniagrandtour.com\/it\/wp-content\/uploads\/2016\/01\/icona-LogoSGT_trasparenza_azzurro.png\",\"width\":108,\"height\":70,\"caption\":\"Anfibia Ecotours Tour Operator\"},\"image\":{\"@id\":\"https:\/\/www.sardiniagrandtour.com\/it\/#\/schema\/logo\/image\/\"},\"sameAs\":[\"https:\/\/www.facebook.com\/sardiniagrandtour\",\"https:\/\/www.youtube.com\/user\/SardiniaGrandTour\"]}]}<\/script>\n<!-- \/ Yoast SEO plugin. -->","yoast_head_json":{"title":"Noleggio bici in Sardegna, Tour e Vacanze in Bicicletta in Sardegna","description":"Noleggia la bici per le tue vacanze in Sardegna o prenota un Tour in Bicicletta con trasporto bagagli per scoprire la Sardegna in libert\u00e0.","robots":{"index":"index","follow":"follow","max-snippet":"max-snippet:-1","max-image-preview":"max-image-preview:large","max-video-preview":"max-video-preview:-1"},"canonical":"https:\/\/www.sardiniagrandtour.com\/it\/","og_locale":"it_IT","og_type":"article","og_title":"Noleggio bici in Sardegna, Tour e Vacanze in Bicicletta in Sardegna","og_description":"Noleggia la bici per le tue vacanze in Sardegna o prenota un Tour in Bicicletta con trasporto bagagli per scoprire la Sardegna in libert\u00e0.","og_url":"https:\/\/www.sardiniagrandtour.com\/it\/","og_site_name":"Sardinia Grand Tour","article_publisher":"https:\/\/www.facebook.com\/sardiniagrandtour","article_modified_time":"2023-02-10T11:24:27+00:00","og_image":[{"width":5905,"height":3059,"url":"https:\/\/www.sardiniagrandtour.com\/it\/wp-content\/uploads\/2021\/07\/logoSGT_big.png","type":"image\/png"}],"twitter_card":"summary_large_image","twitter_misc":{"Tempo di lettura stimato":"6 minuti"},"schema":{"@context":"https:\/\/schema.org","@graph":[{"@type":"WebPage","@id":"https:\/\/www.sardiniagrandtour.com\/it\/","url":"https:\/\/www.sardiniagrandtour.com\/it\/","name":"Noleggio bici in Sardegna, Tour e Vacanze in Bicicletta in Sardegna","isPartOf":{"@id":"https:\/\/www.sardiniagrandtour.com\/it\/#website"},"primaryImageOfPage":{"@id":"https:\/\/www.sardiniagrandtour.com\/it\/#primaryimage"},"image":{"@id":"https:\/\/www.sardiniagrandtour.com\/it\/#primaryimage"},"thumbnailUrl":"https:\/\/www.sardiniagrandtour.com\/it\/wp-content\/uploads\/2021\/07\/logoSGT_big.png","datePublished":"2016-02-10T10:16:07+00:00","dateModified":"2023-02-10T11:24:27+00:00","description":"Noleggia la bici per le tue vacanze in Sardegna o prenota un Tour in Bicicletta con trasporto bagagli per scoprire la Sardegna in libert\u00e0.","breadcrumb":{"@id":"https:\/\/www.sardiniagrandtour.com\/it\/#breadcrumb"},"inLanguage":"it-IT","potentialAction":[{"@type":"ReadAction","target":["https:\/\/www.sardiniagrandtour.com\/it\/"]}]},{"@type":"ImageObject","inLanguage":"it-IT","@id":"https:\/\/www.sardiniagrandtour.com\/it\/#primaryimage","url":"https:\/\/www.sardiniagrandtour.com\/it\/wp-content\/uploads\/2021\/07\/logoSGT_big.png","contentUrl":"https:\/\/www.sardiniagrandtour.com\/it\/wp-content\/uploads\/2021\/07\/logoSGT_big.png","width":5905,"height":3059},{"@type":"BreadcrumbList","@id":"https:\/\/www.sardiniagrandtour.com\/it\/#breadcrumb","itemListElement":[{"@type":"ListItem","position":1,"name":"Home","item":"https:\/\/www.sardiniagrandtour.com\/it\/"},{"@type":"ListItem","position":2,"name":"Home"}]},{"@type":"WebSite","@id":"https:\/\/www.sardiniagrandtour.com\/it\/#website","url":"https:\/\/www.sardiniagrandtour.com\/it\/","name":"Sardinia Grand Tour","description":"Vacanze in bicicletta in Sardegna","publisher":{"@id":"https:\/\/www.sardiniagrandtour.com\/it\/#organization"},"potentialAction":[{"@type":"SearchAction","target":{"@type":"EntryPoint","urlTemplate":"https:\/\/www.sardiniagrandtour.com\/it\/?s={search_term_string}"},"query-input":{"@type":"PropertyValueSpecification","valueRequired":true,"valueName":"search_term_string"}}],"inLanguage":"it-IT"},{"@type":"Organization","@id":"https:\/\/www.sardiniagrandtour.com\/it\/#organization","name":"Anfibia Ecotours Tour Operator","url":"https:\/\/www.sardiniagrandtour.com\/it\/","logo":{"@type":"ImageObject","inLanguage":"it-IT","@id":"https:\/\/www.sardiniagrandtour.com\/it\/#\/schema\/logo\/image\/","url":"https:\/\/www.sardiniagrandtour.com\/it\/wp-content\/uploads\/2016\/01\/icona-LogoSGT_trasparenza_azzurro.png","contentUrl":"https:\/\/www.sardiniagrandtour.com\/it\/wp-content\/uploads\/2016\/01\/icona-LogoSGT_trasparenza_azzurro.png","width":108,"height":70,"caption":"Anfibia Ecotours Tour Operator"},"image":{"@id":"https:\/\/www.sardiniagrandtour.com\/it\/#\/schema\/logo\/image\/"},"sameAs":["https:\/\/www.facebook.com\/sardiniagrandtour","https:\/\/www.youtube.com\/user\/SardiniaGrandTour"]}]}},"_links":{"self":[{"href":"https:\/\/www.sardiniagrandtour.com\/it\/wp-json\/wp\/v2\/pages\/4051","targetHints":{"allow":["GET"]}}],"collection":[{"href":"https:\/\/www.sardiniagrandtour.com\/it\/wp-json\/wp\/v2\/pages"}],"about":[{"href":"https:\/\/www.sardiniagrandtour.com\/it\/wp-json\/wp\/v2\/types\/page"}],"author":[{"embeddable":true,"href":"https:\/\/www.sardiniagrandtour.com\/it\/wp-json\/wp\/v2\/users\/3"}],"replies":[{"embeddable":true,"href":"https:\/\/www.sardiniagrandtour.com\/it\/wp-json\/wp\/v2\/comments?post=4051"}],"version-history":[{"count":74,"href":"https:\/\/www.sardiniagrandtour.com\/it\/wp-json\/wp\/v2\/pages\/4051\/revisions"}],"predecessor-version":[{"id":7916,"href":"https:\/\/www.sardiniagrandtour.com\/it\/wp-json\/wp\/v2\/pages\/4051\/revisions\/7916"}],"wp:featuredmedia":[{"embeddable":true,"href":"https:\/\/www.sardiniagrandtour.com\/it\/wp-json\/wp\/v2\/media\/7526"}],"wp:attachment":[{"href":"https:\/\/www.sardiniagrandtour.com\/it\/wp-json\/wp\/v2\/media?parent=4051"}],"curies":[{"name":"wp","href":"https:\/\/api.w.org\/{rel}","templated":true}]}}